{"id":26,"date":"2018-02-16T14:26:07","date_gmt":"2018-02-16T14:26:07","guid":{"rendered":"https:\/\/svetaobitelj.hr?page_id=26"},"modified":"2026-05-01T06:54:58","modified_gmt":"2026-05-01T05:54:58","slug":"sprovodi","status":"publish","type":"page","link":"https:\/\/svetaobitelj.hr\/?page_id=26","title":{"rendered":"Sprovodi"},"content":{"rendered":"<p style=\"text-align: center;\"><em><strong>2026. GODINA<\/strong><\/em><\/p>\n<p style=\"text-align: center;\">\n<p style=\"text-align: center;\"><strong>Pokopani u sije\u010dnju:<\/strong><\/p>\n<p style=\"text-align: center;\">Sava Mijaki\u0107 r. Podunavac,<br \/>\nJosip Dedi\u0107,<br \/>\nKatica Be\u0161eni\u0107 r. Treska,<br \/>\nStjepan Eri\u0107,<br \/>\nMarko Barbari\u0107,<br \/>\nAndrija Gorjanac,<br \/>\nElizabeta Milovanov r. Biondi\u0107,<br \/>\nMaja Ba\u010di\u0107 r. Pavlovi\u0107,<br \/>\nHermina \u0160o\u0161,<br \/>\nAna Rihter r. \u0160korak,<br \/>\nLjerka Reka\u0161 r. Pletikosi\u0107,<br \/>\nKatarina Marjanovi\u0107 \u2013 Zulim<\/p>\n<p style=\"text-align: center;\"><strong>Pokopani u velja\u010di:<\/strong><\/p>\n<p style=\"text-align: center;\">Josip Buljuba\u0161i\u0107,<br \/>\nDraginja Perkovi\u0107 r. Jovanovi\u0107,<br \/>\nIvan Barjaktari\u0107,<br \/>\nBerislav Markovi\u0107,<br \/>\nKata \u017debi\u0107 r. Franji\u0107,<br \/>\nIvan \u0106osi\u0107,<br \/>\nMara Udorovi\u0107 r. Kova\u010devi\u0107,<br \/>\nBranko Smiljani\u0107,<br \/>\nIvica Ribi\u010di\u0107,<br \/>\nDra\u017een Matota,<br \/>\nJanja Magdi\u0107 r. Valenti\u0107<\/p>\n<p style=\"text-align: center;\"><strong>Pokopani u o\u017eujku:<\/strong><\/p>\n<p style=\"text-align: center;\">Dijana Zaradi\u0107 r. Stani\u0107,<br \/>\nLjubomir Kurtovi\u0107,<br \/>\nKatarina Klemenc r. Vidakovi\u0107,<br \/>\nZorica Jerbi\u0107 r. \u0160poljari\u0107<\/p>\n<p style=\"text-align: center;\"><strong>Pokopani u travnju:<\/strong><\/p>\n<p style=\"text-align: center;\">Barbara \u0160ego r. Smiljanec,<br \/>\nZlatko Toma\u0161evi\u0107,<br \/>\nMatija Dun\u0111er,<br \/>\nBranislav Suboti\u0107,<br \/>\nKatica Fischer r. Pejkovi\u0107,<br \/>\nKatarina \u0106utuk r. Runje,<br \/>\nMile Nagli\u0107,<br \/>\nIskra Franje\u0161evi\u0107,<br \/>\nAntonija Trepi\u0107 r. Bogdanovi\u0107<\/p>\n<p style=\"text-align: center;\"><em><strong>2025. GODINA<\/strong><\/em><\/p>\n<p style=\"text-align: center;\">\n<p style=\"text-align: center;\"><strong>Pokopani u sije\u010dnju:<\/strong><\/p>\n<p style=\"text-align: center;\">Marijofil Grbe\u0161i\u0107,<br \/>\nKata Dubi\u010danac r. Bo\u0161njak,<br \/>\nSlavko Jakeli\u0107,<br \/>\nSanela Babaja r. Mlivi\u0107,<br \/>\nRu\u017eica Ko\u010di\u0161 r. Jano\u0161ek,<br \/>\nJanja Na\u0111 r. Bla\u017eevi\u0107,<br \/>\nDragutin Detling,<br \/>\nMarija Mari\u0107 r. Kopunovi\u0107,<br \/>\nJusuf Poli\u0107,<br \/>\nAndrija Lovri\u0107,<br \/>\nZlata Udorovi\u0107 r. Resanovi\u0107,<br \/>\nNevenka Doma\u0107inovi\u0107 r. Fabrio,<br \/>\nIlija Kurtovi\u0107,<br \/>\nLjiljana Gernhardt r. Zeljko,<br \/>\nDrago Kaplan,<br \/>\nJozefina \u017dulj r. Pej\u010dinovi\u0107,<br \/>\nSta\u017ea Vidakovi\u0107 r. Cvetkovi\u0107<\/p>\n<p style=\"text-align: center;\"><strong>Pokopani u velja\u010di:<\/strong><\/p>\n<p style=\"text-align: center;\">Ljubica \u010cizmarevi\u0107 r. \u017divkovi\u0107,<br \/>\nNikola Cvitko,<br \/>\nMilica Lon\u010dar r. Grubje\u0161i\u0107,<br \/>\nZdenka Brki\u0107 r. Saraga,<br \/>\nGoran Ek\u0161tajn<\/p>\n<p style=\"text-align: center;\"><strong>Pokopani u o\u017eujku:<\/strong><\/p>\n<p style=\"text-align: center;\">Elizabeta Priegl r. Begovi\u0107,<br \/>\nLjilja Kegalj r. Srdanovi\u0107,<br \/>\nBranko Radivojevi\u0107,<br \/>\nNikola \u0160tajner,<br \/>\nZvonimir Ka\u0161i\u0107,<br \/>\nIvica Cvetkovi\u0107,<br \/>\nMarica \u0160aki\u0107 r. Bu\u010danac,<br \/>\nAna Musi\u0107 r. Pecek<\/p>\n<p style=\"text-align: center;\"><strong>Pokopani u travnju:<\/strong><\/p>\n<p style=\"text-align: center;\">Nevenka Horvat r. Damjanovi\u0107,<br \/>\nMarija Taka\u010d r. Bluha,<br \/>\nJozo Grgi\u0107,<br \/>\nMilica Suboti\u0107 r. Kosanovi\u0107,<br \/>\nDanijela Turi\u0107 r. Uzelac<\/p>\n<p style=\"text-align: center;\"><strong>Pokopani u svibnju:<\/strong><\/p>\n<p style=\"text-align: center;\">Emilija Malunjak r. Belanovi\u0107,<br \/>\nJosip Ba\u0107ani,<br \/>\nFranjo Perlinger,<br \/>\nMirjana Halter r. Kujund\u017ei\u0107,<br \/>\nZdenko Mehi\u010di\u0107,<br \/>\nSlava Kova\u010devi\u0107 r. Ore\u0161kovi\u0107,<br \/>\nMarko Hani\u017ejar,<br \/>\nLjuba \u0106avar r. Rogulji\u0107,<br \/>\nBoris Mili\u0107,<br \/>\nMira Buljuba\u0161i\u0107 r. \u0160krbi\u0107,<br \/>\nMilica Lon\u010dar r. Krsti\u0107,<br \/>\nAsija Vukojevi\u0107 r. Bu\u0161i\u0107<\/p>\n<p style=\"text-align: center;\"><strong>Pokopani u lipnju:<\/strong><\/p>\n<p style=\"text-align: center;\">Zvonko Pavi\u010di\u0107,<br \/>\nTomislav Tutavac,<br \/>\nEma Radivojevi\u0107 r. Jelinek,<br \/>\nJadranka Pavlovi\u0107 r. Babi\u0107,<br \/>\nFranjo \u0160veger,<br \/>\nAmalija Rulofs r. Domazet,<br \/>\nMarija Budimir r. \u017daja<\/p>\n<p style=\"text-align: center;\"><strong>Pokopani u srpnju:<\/strong><\/p>\n<p style=\"text-align: center;\">Antun \u0160tefanac,<br \/>\nMato Pleji\u0107,<br \/>\nIlija Duspara,<br \/>\nGordana Horvat r. Svrtan,<br \/>\nElvira \u0160eri\u0107 r. Pei\u0107,<br \/>\nRu\u017eica Zetovi\u0107 r. Avranek,<br \/>\nIvan Lacko,<br \/>\nZvonko \u017debi\u0107,<br \/>\nZdenko Crni\u0107<\/p>\n<p style=\"text-align: center;\"><strong>Pokopani u kolovozu:<\/strong><\/p>\n<p style=\"text-align: center;\">Josip Joo,<br \/>\nAntun Kolari\u0107,<br \/>\nBranko \u0160krlec,<br \/>\nZdenko Kova\u010devi\u0107,<br \/>\nKatarina Ha\u0161\u010dek r. Mid\u017ei\u0107,<br \/>\nDavor Zvonari\u0107,<br \/>\nMilan Ben\u010dina,<br \/>\nMarica Balti\u0107 r. Markovi\u0107,<br \/>\nFilip Lon\u010dar<\/p>\n<p style=\"text-align: center;\"><strong>Pokopani u rujnu:<\/strong><\/p>\n<p style=\"text-align: center;\">Bla\u017eenka Carevi\u0107 r. Baus,<br \/>\nRu\u017eica Rado\u0161 r. Dencinger,<br \/>\nMarija Ivankovi\u0107 r. \u0160irok,<br \/>\nElizabeta Ivandija r. Gross,<br \/>\nDubravko Dobaj<\/p>\n<p style=\"text-align: center;\"><strong>Pokopani u listopadu:<\/strong><\/p>\n<p style=\"text-align: center;\">Ana \u010cajo r. Jari\u0107,<br \/>\nZorka Jagustin r. Buljan,<br \/>\nTomislav Majdeni\u0107,<br \/>\nZoran Mesari\u0107,<br \/>\nKata Leto r. Vuj\u010di\u0107<\/p>\n<p style=\"text-align: center;\"><strong>Pokopani u studenome:<\/strong><\/p>\n<p style=\"text-align: center;\">Antun Tomac,<br \/>\nJean Michel Nicolier,<br \/>\nZdenka Marijanovi\u0107 r. Mlinarevi\u0107,<br \/>\nJosip Zdrav\u010devi\u0107,<br \/>\nJosip Bogdan,<br \/>\nIngeborg Gradin\u0161\u010dak r. Letica,<br \/>\nFranjo Bara\u0107i,<br \/>\nEvica \u0160er r. Rudinski,<br \/>\nZdenka Duki\u0107,<br \/>\nMilan Luketi\u0107,<br \/>\nKata Do\u0161en r. Medved<\/p>\n<p style=\"text-align: center;\"><strong>Pokopani u prosincu:<\/strong><\/p>\n<p style=\"text-align: center;\">Branko Radi\u0161i\u0107,<br \/>\nLjubica Ergoti\u0107,<br \/>\nJulijana Bere\u010di\u0107 r. \u010celeda,<br \/>\nLjubica Vizentaner,<br \/>\nManda \u0110ura\u010di\u0107 r. Rajnovi\u0107,<br \/>\nKata \u010cavar r. Kopljar,<br \/>\nSarafina Bla\u017eevi\u0107 r. Kri\u0161to<\/p>\n<p style=\"text-align: center;\"><em><strong>2024. GODINA<\/strong><\/em><\/p>\n<p style=\"text-align: center;\">\n<p style=\"text-align: center;\"><strong>Pokopani u sije\u010dnju:<\/strong><\/p>\n<p style=\"text-align: center;\">Ivana Katani\u0107 r. Geci,<br \/>\nNada \u0160ari\u0107 r. Anderi\u0107 ,<br \/>\n\u017deljko Atanackovi\u0107,<br \/>\nSlavko Prispilovi\u0107,<br \/>\nKata Mili\u010devi\u0107 r. Srdarevi\u0107,<br \/>\nAna Zeli\u0107 r. \u010ces,<br \/>\nLidija Bo\u0161njak r. Martinovi\u0107,<br \/>\nDamir Martin\u010di\u0107,<br \/>\n\u0110uro Glavota,<br \/>\nPetar Kmoni\u010dek<\/p>\n<p style=\"text-align: center;\"><strong>Pokopani u velja\u010di:<\/strong><\/p>\n<p style=\"text-align: center;\">Anton Vla\u0161kovac,<br \/>\nSini\u0161a Daku,<br \/>\nAn\u0111ela Mikli\u0107 r. Ro\u017emari\u0107,<br \/>\nVeseljka Perak r. Milo\u0161evi\u0107,<br \/>\nRu\u017eica Medi\u0107 r. Glavati,<br \/>\n\u0110ur\u0111a Jelki\u0107 r. Andra\u0161evi\u0107,<br \/>\nLjubica Fr\u017euljevi\u0107 r. Tomas,<br \/>\nJelica Novakovi\u0107 r. Gotal,<br \/>\nAna Rogulji\u0107 r. Pavec,<br \/>\nTomislav Tukoni\u0107,<br \/>\nDragica \u010celik r. Dimovi\u0107,<br \/>\nZvonimir Hausmaninger,<br \/>\nMarija Budi\u0107 r. Perasovi\u0107,<br \/>\nJure Peni\u0107,<br \/>\nJosipa Lozan\u010di\u0107 r. Jaman,<br \/>\nMirko Pacek<\/p>\n<p style=\"text-align: center;\"><strong>Pokopani u o\u017eujku<\/strong><\/p>\n<p style=\"text-align: center;\">Mandica \u017dvorc r. Markovi\u0107,<br \/>\nMirjana Novak r. Slugan,<br \/>\nTerezija Kirhofer r. Loli\u0107,<br \/>\nJosip \u0160o\u0161,<br \/>\nZvonimir Per\u0161i\u0107,<br \/>\nBranka Biloni\u0107 r. Lenarti\u0107,<br \/>\nSlavica Duman\u010di\u0107 r. Juri\u010d ,<br \/>\nSne\u017eana Zame\u010dnik r. Jagorinac<\/p>\n<p style=\"text-align: center;\"><strong>Pokopani u travnju<\/strong><\/p>\n<p style=\"text-align: center;\">Dinka Kutle\u0161a r. Le\u0161ina,<br \/>\nRu\u017eica Popovi\u0107 r. Bla\u017eevi\u0107,<br \/>\nDavor \u017divalji\u0107,<br \/>\nDamir Kotromanovi\u0107,<br \/>\nJosip \u017ditnjak,<br \/>\nPetar Malenica,<br \/>\nZdenka Glasovac r. \u0106orkovi\u0107<\/p>\n<p style=\"text-align: center;\"><strong>Pokopani u svibnju<\/strong><\/p>\n<p style=\"text-align: center;\">Anto \u0160ura,<br \/>\nIvica Runti\u0107,<br \/>\nIvan Ani\u0107,<br \/>\nZlatko \u0160arga\u010d,<br \/>\nBla\u017eenka Petru\u0161i\u0107 r. Radivojevi\u0107,<br \/>\nMarija Pavlovi\u0107 r. \u0160urjan,<br \/>\nStjepan Majdeni\u0107,<br \/>\nIva Krajcar r. Toli\u0107<\/p>\n<p style=\"text-align: center;\"><strong>Pokopani u lipnju<\/strong><\/p>\n<p style=\"text-align: center;\">Slavica Horvat r. Erakovi\u0107,<br \/>\nMarija Petrovi\u0107 r. \u017darkovi\u0107,<br \/>\nDu\u0161anka Liza\u010di\u0107 r. Juri\u0161i\u0107,<br \/>\nIvan Dalmatin,<br \/>\nLjubica Bari\u0161i\u0107 r. Sesar<\/p>\n<p style=\"text-align: center;\"><strong>Pokopani u srpnju<\/strong><\/p>\n<p style=\"text-align: center;\">Zvonimir Tucak,<br \/>\nOlga \u010candrli\u0107 r. Vidmar,<br \/>\nAn\u0111a \u0160pehar r. Martinovi\u0107,<br \/>\nMunevera Raucher r. Zenulovi\u0107,<br \/>\nValentin Leko,<br \/>\nVladimir Benc,<br \/>\nSini\u0161a Jandrok,<br \/>\nBranka Kraus r. Loparac,<br \/>\nLjubica Franovi\u0107 r. Hrvatin,<br \/>\nAna Mari\u0107 r. Para\u0111ikovi\u0107,<br \/>\nRenata Hlaj r. Uremovi\u0107,<br \/>\nZvonimir \u0160poljari\u0107<\/p>\n<p style=\"text-align: center;\"><strong>Pokopani u kolovozu<\/strong><\/p>\n<p style=\"text-align: center;\">Petar Pastar,<br \/>\nVedran Horvat,<br \/>\nJosip Kraja\u010di\u0107,<br \/>\nKre\u0161imir Ra\u0161i\u0107,<br \/>\nSamka Kurina Tucak,<br \/>\nMiroslav Iva\u010di\u0107,<br \/>\nRosa \u0160utalo r. Mati\u0107,<br \/>\nZdenko \u017debi\u0107,<br \/>\n\u017deljko Vuleti\u0107,<br \/>\nDragica Ha\u0161\u010dek r. Ani\u0107<\/p>\n<p style=\"text-align: center;\"><strong>Pokopani u rujnu<\/strong><\/p>\n<p style=\"text-align: center;\">Mato Juri\u0107,<br \/>\nJasminka Farka\u0161 r. Igrec,<br \/>\nNevenka Matajs r. Vidakovi\u0107,<br \/>\nTanja Kadi\u0107 Basari\u0107 r. Joki\u0107,<br \/>\nIvan Paunovi\u0107,<br \/>\nMarko \u0160ubari\u0107,<br \/>\nDanica Na\u0111 r. Jani\u0107,<br \/>\nMarko \u010cupi\u0107,<br \/>\nStjepan Bosak,<br \/>\nNevenka Su\u0161ilo r. Vidovi\u0107,<br \/>\nKatica \u0110urin r. \u0160uste,<br \/>\nVlasta Markovi\u0107 r. Pavo\u0161evi\u0107,<br \/>\nDragutin Galjer<\/p>\n<p style=\"text-align: center;\"><strong>Pokopani u listopadu<\/strong><\/p>\n<p style=\"text-align: center;\">Marija Dra\u0161kovi\u0107 r. Brki\u0107,<br \/>\nMario Dropuli\u0107,<br \/>\nMarijana Mur r. Zori\u010di\u0107,<br \/>\n\u017deljko Ten\u017eera,<br \/>\nAna \u010cupi\u0107 r. Plentaj,<br \/>\nNikola Bari\u0161i\u0107,<br \/>\nMiroslava Stipi\u0107 r. Zeman,<br \/>\nIvan Vugerni\u010dek,<br \/>\nJaga Brlas r. Matori\u0107,<br \/>\nSlavica Premu\u0161 r. Brki\u0107,<br \/>\nMarija Perak Somer r. Staklenac,<br \/>\nRatko Stanojevi\u0107,<br \/>\nLjiljana \u0160ajber r. Smutni,<br \/>\nBla\u017e Milo\u0161,<br \/>\nEmilija Vui\u0107 r. Li\u0161i\u0107,<br \/>\nDanilo Popovi\u0107<\/p>\n<p style=\"text-align: center;\"><strong>Pokopani u studenome<\/strong><\/p>\n<p style=\"text-align: center;\">Ljubica Mili\u010devi\u0107 r. Gunjevi\u0107,<br \/>\nTomislav Matijevi\u0107,<br \/>\nBruno Rogi\u0107,<br \/>\nMarijan Var\u017ei\u0107,<br \/>\nBoris Bjelica,<br \/>\nZorka Lubina \u2013 Juki\u0107,<br \/>\nBranka \u0160tefanac r. Ostovi\u0107,<br \/>\nMira Sauerborn \u2013 Dori\u0107 r. Mustapi\u0107,<br \/>\nRu\u017ea Hani\u017ejar r. Turudi\u0107,<br \/>\nLjiljanka Skelac r. Korbus,<br \/>\nJagoda \u0160ubari\u0107 r. Roso,<br \/>\nStjepan Krauz,<br \/>\n\u017deljko Pataki<\/p>\n<p style=\"text-align: center;\"><strong>Pokopani u prosincu<\/strong><\/p>\n<p style=\"text-align: center;\">Ivan Kmet,<br \/>\nFrano Skoko,<br \/>\nVladimir \u010cehaji\u0107,<br \/>\nKata Blagoj3evi\u0107 r. Borba\u0161,<br \/>\nKata Blagojevi\u0107 r. Borba\u0161,<br \/>\nAn\u0111elka Ka\u010duni\u0107 r. Smodlaka,<br \/>\nMijo Nikoli\u0107,<br \/>\nZvonko Pavi\u0107,<br \/>\nJerko Leko,<br \/>\nZorica Buljuba\u0161i\u0107 r. Pavlinu\u0161i\u0107<\/p>\n<p style=\"text-align: center;\"><em><strong>2023. GODINA<\/strong><\/em><\/p>\n<p style=\"text-align: center;\">\n<p style=\"text-align: center;\"><strong>Pokopani u sije\u010dnju:<\/strong><\/p>\n<p style=\"text-align: center;\">Hinko Antunovi\u0107,<br \/>\nMehmed Ivan Zajki\u0107,<br \/>\nSini\u0161a Galonja,<br \/>\nKrunoslav Farka\u0161,<br \/>\n\u0160tefica Juri\u0107 r. Majpruz,<br \/>\nZdenko Nik\u0161i\u0107,<br \/>\nAna Brbli\u0107 r. Urban,<br \/>\nMarija Kurtovi\u0107 r. Keli\u0107,<br \/>\nAna Horvat r. Todorovi\u0107,<br \/>\nKata Ika\u010d r. Gaguli\u0107,<br \/>\nPetar Vojnovi\u0107,<br \/>\nRu\u017ee Vidovi\u0107 r. Vukoja<\/p>\n<p style=\"text-align: center;\"><strong>Pokopani u velja\u010di:<\/strong><\/p>\n<p style=\"text-align: center;\">Antun Krivi\u0107,<br \/>\nDanica Kurtagi\u0107 r. Pavlinu\u0161i\u0107,<br \/>\nAna Puljak r. Jager,<br \/>\nSanja Vunak r. Brki\u0107,<br \/>\nIvan Sinov\u010di\u0107,<br \/>\nRahma Krisbaher r. Karaj\u010di\u0107,<br \/>\nJanja Kolari\u0107 r. Luka\u010devi\u0107<\/p>\n<p style=\"text-align: center;\"><strong>Pokopani u o\u017eujku:<\/strong><\/p>\n<p style=\"text-align: center;\">Ana Do\u0161en r. Jeli\u0107,<br \/>\nMarija Prgomet,<br \/>\nMilena Vu\u010dkovi\u0107 r. Ostoji\u0107,<br \/>\nMile Odribo\u017ei\u0107,<br \/>\nMira Marinovi\u0107 r. Hegedu\u0161evi\u0107,<br \/>\nMarija Lazar,<br \/>\nRadoslav Trdin,<br \/>\nZorka Vuleti\u0107,<br \/>\nGordana Krolo r. Domazet<\/p>\n<p style=\"text-align: center;\"><strong>Pokopani u travnju:<\/strong><\/p>\n<p style=\"text-align: center;\">Marija Luk\u0161i\u0107 r. Krmpoti\u0107,<br \/>\nLjiljana Prskalo r. \u0160ari\u0107,<br \/>\nGordana Biuk r. Jerkovi\u0107,<br \/>\nRu\u017eica Petrijev\u010danin,<br \/>\nTomo \u0160imo\u0161i\u0107,<br \/>\nJakov Senti\u0107,<br \/>\nIva Bota r. Pervan,<br \/>\n\u0160imo Dra\u0161kovi\u0107<\/p>\n<p style=\"text-align: center;\"><strong>Pokopani u svibnju:<\/strong><\/p>\n<p style=\"text-align: center;\">Julijana \u010culik r. Filipovi\u0107,<br \/>\nMarija Ple\u0107a\u0161 r. Volarevi\u0107,<br \/>\nJerko Tomas,<br \/>\nIlonka Lajk r. Berkovi\u0107,<br \/>\nMarija Kokori\u0107 r. Jakopovi\u0107,<br \/>\nVinko Ringsmuth,<br \/>\nDrago Mujari\u0107,<br \/>\nVera Loparac,<br \/>\nIvan Vonak,<br \/>\nMate \u017darkovi\u0107<\/p>\n<p style=\"text-align: center;\"><strong>Pokopani u lipnju:<\/strong><\/p>\n<p style=\"text-align: center;\">Milan Hideg,<br \/>\nIlonka Kristi\u0107 r. Vidu\u0161,<br \/>\nMarija Salamun r. \u010calu\u0161i\u0107,<br \/>\nNenad Popi\u0107,<br \/>\nZdenka Br\u00f6ckl r. Adamovi\u0107,<br \/>\nVlasta Horvat r. Ivandija,<br \/>\nIvanka Podobnik r. Mijatovi\u0107,<br \/>\nDragojka Bala\u017e r. Grbe\u0161a,<br \/>\nKata Pavli\u0107 r. Kenfelja,<br \/>\nTomislav Maroslavac,<br \/>\nTanja Kruljac,<br \/>\nNada Toma\u0161i\u0107,<br \/>\nKata Dugand\u017eija r. Duvan\u010di\u0107,<br \/>\nVerica Kiri\u0107 \u2013 Jura\u010dko<\/p>\n<p style=\"text-align: center;\"><strong>Pokopani u srpnju:<\/strong><\/p>\n<p style=\"text-align: center;\">Ivo Ko\u017eul,<br \/>\nZvonko Kereste\u0161,<br \/>\nJelena Puhalovi\u0107 r. Vrbanec,<br \/>\nDragica Tuzla r. Ani\u010di\u0107,<br \/>\nAlbino Lozina,<br \/>\nTomislav Srb,<br \/>\n\u017divko Tubi\u0107,<br \/>\nZdenko \u0110umlija,<br \/>\nNevena Pavasovi\u0107 r. Prodanovi\u0107,<br \/>\nKatica Kordi\u0107 r. Ore\u0161kovi\u0107,<br \/>\nMilica Vla\u0161kovac r. Ze\u010devi\u0107,<br \/>\nMarija Sever r. Perko,<br \/>\nIvica \u0106utuk<\/p>\n<p style=\"text-align: center;\"><strong>Pokopani u kolovozu:<\/strong><\/p>\n<p style=\"text-align: center;\">Zvonko Baki\u0107,<br \/>\nVera Poljak r. Kmoni\u010dek,<br \/>\nRu\u017eica Milojevi\u0107 r. Nesladek,<br \/>\nDra\u017een Zelenika,<br \/>\nStanka Pacek r. Perica,<br \/>\nBlanka Baki\u0107 r. Leki\u0107,<br \/>\nJosip Ko\u010di\u0161,<br \/>\nManda \u010cupi\u0107 r. Kristi\u0107,<br \/>\nTomislav \u0160pehar<\/p>\n<p style=\"text-align: center;\"><strong>Pokopani u rujnu:<\/strong><\/p>\n<p style=\"text-align: center;\">Miro Glava\u0161,<br \/>\nKata Vu\u010dko r. Jonji\u0107,<br \/>\nIvan Krolo,<br \/>\nKata Benc r. Vu\u010dko,<br \/>\nJohn Antonio \u0160trk,<br \/>\nFranjo Duman\u010di\u0107,<br \/>\nTerezija Erdelji\u0107 r. Matokovi\u0107,<br \/>\nStjepan Schein,<br \/>\nVlasta Ramljak,<br \/>\nMihaela Berak,<br \/>\nMirela Schnitzer r. Mili\u010devi\u0107,<br \/>\nVjekoslava Bodro\u017ei\u0107 \u2013 D\u017eaki\u0107<\/p>\n<p style=\"text-align: center;\"><strong>Pokopani u listopadu:<\/strong><\/p>\n<p style=\"text-align: center;\">Davor Roso,<br \/>\nMato Pezo,<br \/>\nMarko Vukosavljevi\u0107,<br \/>\nBla\u017e Luci\u0107,<br \/>\nIbrahim Ov\u010dina,<br \/>\nAdam \u0110uri\u0107,<br \/>\nDu\u0161ko Zec,<br \/>\nAlojz Bruneta,<br \/>\nBranko Kugler,<br \/>\nIvan \u010cep\u010dik,<br \/>\n\u0160tefanija Ferlin r. Minarek<\/p>\n<p style=\"text-align: center;\"><strong>Pokopani u studenome:<\/strong><\/p>\n<p style=\"text-align: center;\">Kata Lu\u010di\u0107 r. \u017divkovi\u0107,<br \/>\nTerezija Krsti\u0107 r. Kezerle,<br \/>\nVladimir \u010cernik,<br \/>\nMilka Fu\u010dkar r. \u0160karo,<br \/>\nRadoslav Leko,<br \/>\nVukosava Vendling r. Drakuli\u0107,<br \/>\nMilica Skender r. Bugari\u0107,<br \/>\nVladimir Avramek,<br \/>\nTihomir \u017duna,<br \/>\nZlatko \u010cali\u0107,<br \/>\nCvieta Ga\u0161par r. Medved,<br \/>\nMelita Jovanovi\u0107 r. Golubovi\u0107<\/p>\n<p style=\"text-align: center;\"><strong>Pokopani u prosincu:<\/strong><\/p>\n<p style=\"text-align: center;\">Terezija Stani\u0107 r. Kova\u010d,<br \/>\nVilim \u0160mit,<br \/>\nTomislav Buljuba\u0161i\u0107,<br \/>\nMarijana Toma\u0161evi\u0107 r. \u0160ikli\u0107,<br \/>\nZdravko Krampa\u010d,<br \/>\n\u017deljko Mlinarevi\u0107,<br \/>\nMato Kendl,<br \/>\nIvan Tomas,<br \/>\nMario Tolj,<br \/>\nIvan Jo\u017eef,<br \/>\nJosip Mlinarevi\u0107<\/p>\n<p style=\"text-align: center;\"><em><strong>2022. GODINA<\/strong><\/em><\/p>\n<p style=\"text-align: center;\">\n<p style=\"text-align: center;\"><strong>Pokopani u sije\u010dnju:<\/strong><\/p>\n<p style=\"text-align: center;\">Anica Radeti\u0107,<br \/>\nStipan Kova\u010devi\u0107,<br \/>\nStjepan Kova\u010d,<br \/>\nIvan \u0160poljari\u0107,<br \/>\nLjubica Mati\u0107 r. Pralas,<br \/>\nZvonimir Rimac,<br \/>\nZlatko Kova\u010devi\u0107,<br \/>\n\u017deljko Rajkovi\u0107,<br \/>\nMagdalena Janc r. Mar\u010di\u0107,<br \/>\n\u017deljka Jak\u0161a,<br \/>\nPersida Nemeth r. Dragi\u0107,<br \/>\nIvka Smaji\u0107 r. \u0160urbek,<br \/>\nMira Pokas r. Fegyver,<br \/>\nAgneza Toma\u0161i\u0107 r. Speiser<\/p>\n<p style=\"text-align: center;\"><strong>Pokopani u velja\u010di:<\/strong><\/p>\n<p style=\"text-align: center;\"> Ivka Karaman r. Vukovi\u0107,<br \/>\nOlga Grgi\u0107,<br \/>\nIvica Mati\u0107,<br \/>\nZora Stani\u0107 r. Milkovi\u0107,<br \/>\nJosip Dimnja\u0161evi\u0107,<br \/>\nIlija Kekez,<br \/>\nFranjo Raspasovi\u0107,<br \/>\nJadranka Zegnal r. Krkovi\u0107,<br \/>\nEva \u017divkovi\u0107 r. Fath,<br \/>\nIvan Bri\u0161ki,<br \/>\nFranci\u0161ka Golub Repi\u0107 r. \u0160kvorc,<br \/>\nAna Iva\u010di\u0107 r. \u0160kondro,<br \/>\nZvonimir Majhen,<br \/>\nBranko Balog,<br \/>\nFilip Okre\u0161a,<br \/>\nMiljenko Crnjac,<br \/>\nDanica Babi\u0107 r. Ve\u0161li\u0107<\/p>\n<p style=\"text-align: center;\"><strong>Pokopani u o\u017eujku:<\/strong><\/p>\n<p style=\"text-align: center;\">Marija \u0160ebek r. Baksa,<br \/>\nBo\u017eena Striki\u0107,<br \/>\nStjepan Voldin,<br \/>\nEmil Nanay,<br \/>\nZvonimir Ivankovi\u0107,<br \/>\nRozalija Koko\u0161ka r. Paulin,<br \/>\n\u0110uro Vinkler,<br \/>\nBoris Drenjan\u010devi\u0107<\/p>\n<p style=\"text-align: center;\"><strong>Pokopani u travnju:<\/strong><\/p>\n<p style=\"text-align: center;\">Stipan Marko Krolo,<br \/>\nBranko Grabovac,<br \/>\nIvan Na\u0111,<br \/>\nZlatko Ani\u010di\u0107,<br \/>\nVojko \u2013 Vinko Kekez,<br \/>\nLjerka Popovi\u0107 \u017dugec,<br \/>\nJelka Horvat r. Ku\u010dini\u0107,<br \/>\nTihomir \u017divalji\u0107<\/p>\n<p style=\"text-align: center;\"><strong>Pokopani u svibnju:<\/strong><\/p>\n<p style=\"text-align: center;\">Ru\u017ea Gad\u017ea r. \u0106urkovi\u0107,<br \/>\nGoran Kelava,<br \/>\nPavao Mijatovi\u0107,<br \/>\nVlado Repinac,<br \/>\nSlavka Mlinarevi\u0107 r. Kordi\u0107,<br \/>\n\u0160tefanija Raspasovi\u0107 r. Horvat,<br \/>\nIvan Andri\u0107,<br \/>\nStjepan Drdi\u0107,<br \/>\nVladimir Gal<\/p>\n<p style=\"text-align: center;\"><strong>Pokopani u lipnju:<\/strong><\/p>\n<p style=\"text-align: center;\">Marija \u0160poljari\u0107 r. Matijevi\u0107,<br \/>\nSlavko \u0160ari\u0107,<br \/>\nTerezija Krizmani\u0107 r. Perkovi\u0107,<br \/>\nMilan Petri\u010devi\u0107,<br \/>\nDubravka Priti\u0161anac r. Zagor\u0161\u010dak,<br \/>\nBranka Mesari\u0107 r. Jankovi\u0107,<br \/>\nMatija Ambru\u017e r. Tomas,<br \/>\nPero Ore\u0161kovi\u0107,<br \/>\nBranka \u010cabaj r. Juri\u0107<\/p>\n<p style=\"text-align: center;\"><strong>Pokopani u srpnju:<\/strong><\/p>\n<p style=\"text-align: center;\">Franjo Reinspach,<br \/>\n\u0160efko Drinjak,<br \/>\nJela \u010culjak r. Madunovi\u0107,<br \/>\nIvan Kegalj,<br \/>\nZorka Kri\u017eanovi\u0107 r. Buljan<\/p>\n<p style=\"text-align: center;\"><strong>Pokopani u kolovozu:<\/strong><\/p>\n<p style=\"text-align: center;\">Franciska Kova\u010d,<br \/>\nIvan Hajdinjak,<br \/>\nMirjana Gombar r. Mom\u010dilovi\u0107,<br \/>\nIvo Tomi\u0107,<br \/>\nMarija Poli\u0107 r. Jurman,<br \/>\nMladen Mitrovi\u0107,<br \/>\nVeselko Kavelj,<br \/>\nMarijan Vui\u0107,<br \/>\nDarko Janji\u0107<\/p>\n<p style=\"text-align: center;\"><strong>Pokopani u rujnu:<\/strong><\/p>\n<p style=\"text-align: center;\">Vjekoslava Tren\u010din r. Lukinski,<br \/>\nEva \u0110uri\u0107 r. Jankovi\u0107,<br \/>\nMilka Mlikoti\u0107 r. Plei\u0107,<br \/>\nIvica Sabol,<br \/>\nMirko Erdelji\u0107,<br \/>\nMarica Novak r. Vugdelija \u2013 \u017di\u017ei\u0107,<br \/>\nKata Majsteri\u0107 r. Muli\u0107,<br \/>\nMirko Mikola\u0161evi\u0107,<br \/>\nMario Bra\u010devac,<br \/>\nDamir \u0160vajnbert,<br \/>\nSlavica Ko\u0161ki r. Zak\u0161ek,<br \/>\nMilica Mati\u0107 r. Cvetkovi\u0107,<br \/>\nDoris Schneberger<\/p>\n<p style=\"text-align: center;\"><strong>Pokopani u listopadu:<\/strong><\/p>\n<p style=\"text-align: center;\">Marija Zuzjak r. Kuku\u010dka,<br \/>\nTihomir Mazur,<br \/>\n\u0110ur\u0111ica \u0160veri\u0107 r. Lon\u010dari\u0107,<br \/>\nKatarina Populi r. Rajkovi\u0107,<br \/>\n\u0110ur\u0111ica Luka\u010devi\u0107 r. Pavlovi\u0107,<br \/>\nSavinka Suba\u0161i\u0107 r. Vu\u010danovi\u0107,<br \/>\nManda Pavlovi\u0107 r. Bori\u0107,<br \/>\nAntun Zeli\u0107<\/p>\n<p style=\"text-align: center;\"><strong>Pokopani u studenome:<\/strong><\/p>\n<p style=\"text-align: center;\">Ve\u010deslav Srb,<br \/>\nDarko Andra\u0161ek,<br \/>\nStipan Ga\u0161par,<br \/>\nDanica Petri\u0161ak r. Lon\u010dari\u0107<\/p>\n<p style=\"text-align: center;\"><strong>Pokopani u prosincu:<\/strong><\/p>\n<p style=\"text-align: center;\">Elizabeta Cee r. Gajzer,<br \/>\nZlatko Ber,<br \/>\nZvonko Fehir,<br \/>\nManda Lackovi\u0107 r. Ivanovi\u0107,<br \/>\nBorislav Ma\u0111arevi\u0107,<br \/>\nJosip Novoselec,<br \/>\nGordana \u017degarac r. Biondi\u0107,<br \/>\nAmir Mujki\u0107,<br \/>\nAnica Banaj r. Prgomet,<br \/>\nIvan Sekuli\u0107,<br \/>\n\u0160tefica Vinkovi\u0107 r. Matkovi\u0107,<br \/>\nZvonko Milas,<br \/>\nIvan \u0160karo,<br \/>\nVlasta Androi\u0107,<br \/>\nNedeljka Viti\u0107 r. Li\u0161ni\u0107 ,<br \/>\nLjubica Budi\u0107 r. Bili\u0107<\/p>\n<p style=\"text-align: center;\"><em><strong>2021. GODINA<\/strong><\/em><\/p>\n<p style=\"text-align: center;\">\n<p style=\"text-align: center;\"><strong>Pokopani u sije\u010dnju:<\/strong><\/p>\n<p style=\"text-align: center;\">Ana Brali\u0107,<br \/>\nMira Hrastovi\u0107 r. Beni\u0107,<br \/>\nJakov Vidovi\u0107,<br \/>\nBranislav \u0160imunovi\u0107,<br \/>\nGordana Tomas,<br \/>\nBranko Kli\u0161anin,<br \/>\nAna Mikuli\u0107 r. \u0160tigler,<br \/>\nMarija Bari\u0161i\u0107 r. Me\u0161trovi\u0107,<br \/>\nAnka Buli\u0107,<br \/>\nNikola Zori\u0107,<br \/>\nIvor \u010cizmok<\/p>\n<p style=\"text-align: center;\"><strong>Pokopani u velja\u010di:<\/strong><\/p>\n<p style=\"text-align: center;\">Julijana Voldin r. Stjepanjek,<br \/>\nJosip Budi\u0107,<br \/>\nKata Ze\u010di\u0107 r. Bakari\u0107,<br \/>\nLjubica Kramar r. Ba\u0161karada,<br \/>\nAntun Poli\u010di\u0107,<br \/>\nMatija Radi\u0161i\u0107 r. Biki\u0107,<br \/>\nKatica Brdar r. Roth<\/p>\n<p style=\"text-align: center;\"><strong>Pokopani u o\u017eujku:<\/strong><\/p>\n<p style=\"text-align: center;\">Ru\u017ea Debeljak r. Ili\u010di\u0107,<br \/>\nZora Mlinarevi\u0107 r. Mijatovi\u0107,<br \/>\nJosip Gracel,<br \/>\nMonika Manfred,<br \/>\nIvan Ore\u0161kovi\u0107,<br \/>\nMarica Martinovi\u0107 r. Pero\u0161evi\u0107,<br \/>\nZvonimir Halt,<br \/>\nMarija Andri\u0107 r. Tome\u0161i\u0107<\/p>\n<p style=\"text-align: center;\"><strong>Pokopani u travnju:<\/strong><\/p>\n<p style=\"text-align: center;\">Ilija Bi\u010dvi\u0107,<br \/>\nSuzana Stepani\u0107 r. Kokor,<br \/>\nMarija Barini\u0107 r. Dole\u017eal,<br \/>\nMato Fr\u017euljevi\u0107,<br \/>\nBo\u017eo \u0160imuni\u0107,<br \/>\nAn\u0111ela \u017ditnjak r. Kolembus,<br \/>\nFanika Aleri\u0107 r. Spori\u0161<\/p>\n<p style=\"text-align: center;\"><strong>Pokopani u svibnju:<\/strong><\/p>\n<p style=\"text-align: center;\">Josip Mato\u0161evi\u0107,<br \/>\nNikola Su\u0161ac,<br \/>\nSilva \u017divalji\u0107,<br \/>\n\u017deljko Mikulandra,<br \/>\nMiroslav Gundelj r. Grum,<br \/>\nVlado Zame\u010dnik,<br \/>\nJuro Matijevi\u0107,<br \/>\nAna Kmoni\u010dek r. Bogen\u0161i\u0107,<br \/>\nSlavka Labor r. Buki\u0107,<br \/>\nDarko Gavrilovi\u0107,<br \/>\nStjepan Sikra,<br \/>\nNada \u0160o\u0161tari\u0107 r. Medved,<br \/>\nMirjana Pongrac r. \u017divkovi\u0107,<br \/>\nNedeljko \u0160aki\u0107,<br \/>\nTomislav Kili\u0107<\/p>\n<p style=\"text-align: center;\"><strong>Pokopani u lipnju:<\/strong><\/p>\n<p style=\"text-align: center;\">Marija \u0160verer r. Jovi\u0107,<br \/>\nElizabeta Cibula r. \u0160arengradac,<br \/>\nKosa \u017divalji\u0107 r. \u0160\u0107urla,<br \/>\nDragoljub Todorovi\u0107,<br \/>\nMato Rudinski,<br \/>\nJanja Dmitrovi\u0107 r. Ramljak,<br \/>\nMarija Mio\u010devi\u0107 r. \u0160imo\u0161i\u0107,<br \/>\nMate Runti\u0107,<br \/>\nAna \u0160krobar r. Matanovi\u0107,<br \/>\nDragica Grbe\u0161a r. \u0160piranovi\u0107,<br \/>\nVinka Kmoni\u010dek r. Sari\u0107,<br \/>\nNada Molnar r. Nikolaus<\/p>\n<p style=\"text-align: center;\"><strong>Pokopani u srpnju:<\/strong><\/p>\n<p style=\"text-align: center;\">Darinka Hr\u0161ak r. Rogi\u0107,<br \/>\nZorka Ani\u0107 r. Juri\u0107,<br \/>\nIvana \u017dentil r. Doli\u010dki,<br \/>\nPero Marin,<br \/>\nZdravko Zdrav\u010devi\u0107,<br \/>\nAntun Ve\u0161ligaj,<br \/>\nIvan Poje,<br \/>\nLjuba \u0160\u0107evi\u0107 r. Lombarovi\u0107,<br \/>\nVjekoslav Mihaljevi\u0107,<br \/>\nFranjo Mutter<\/p>\n<p style=\"text-align: center;\"><strong>Pokopani u kolovozu:<\/strong><\/p>\n<p style=\"text-align: center;\">Marija Zec r. \u0160por\u010di\u0107,<br \/>\nBranka Mikoli\u0107 r. Medvar,<br \/>\nDragutin Vidu\u0161i\u0107,<br \/>\nTerezija Lenz r. Rodi\u0107,<br \/>\nMilijana Bauk r. Komljenovi\u0107,<br \/>\nMarija Hajne r. Svalina,<br \/>\nIlona \u0160abi\u0107 r. \u0160omo\u0111i,<br \/>\nSlavica Molnar r. Gotal,<br \/>\nSnje\u017eama Zadravec r. Jarebi\u0107,<br \/>\nAnka \u0110uri\u0107 r. Ribi\u010di\u0107<\/p>\n<p style=\"text-align: center;\"><strong>Pokopani u rujnu:<\/strong><\/p>\n<p style=\"text-align: center;\">Iva Tomka r. Nikoli\u0107,<br \/>\nIvan Peni\u0107,<br \/>\nLjerka Fury r. Mari\u0107,<br \/>\n\u0110uro Divi\u0107,<br \/>\nKata Korman r. Farka\u0161,<br \/>\nZoran Jovi\u010di\u0107,<br \/>\nIlija Kri\u017eanovi\u0107,<br \/>\nZlatko Dol\u010di\u0107,<br \/>\nBranko Bolkovac,<br \/>\nJelica Radoni\u0107 r. Milo\u0161evi\u0107,<br \/>\nMila Kordi\u0107 r. Dilber<\/p>\n<p style=\"text-align: center;\"><strong>Pokopani u listopadu:<\/strong><\/p>\n<p style=\"text-align: center;\">Snje\u017eana Nazifovi\u0107 r. Je\u0111ud,<br \/>\nZvonko Ra\u0161i\u0107,<br \/>\nBone Ili\u010di\u0107,<br \/>\nKatica Nemet r. Pacek,<br \/>\nSofija Mlinarevi\u0107 r. Vu\u010di\u0107,<br \/>\nElizabeta \u017debi\u0107 r. Horak,<br \/>\nIvica Gudelj,<br \/>\nIvan Bla\u017eevi\u0107<\/p>\n<p style=\"text-align: center;\"><strong>Pokopani u studenome:<\/strong><\/p>\n<p style=\"text-align: center;\">Veronika Kolak r. Toli\u0107,<br \/>\nIvo Kne\u017eevi\u0107,<br \/>\nAnte Vu\u010dko,<br \/>\nDarko Pole\u0161ak,<br \/>\nAna Kne\u017eevi\u0107 r. \u0160ari\u0107,<br \/>\nMarija Tu\u0111man r. Kristek,<br \/>\nMijo Krajnovi\u0107,<br \/>\nKata Zduni\u0107 r. Meseljevi\u0107,<br \/>\nGoran Radi\u0107,<br \/>\nSlavko Uremovi\u0107,<br \/>\nDominik Landeka,<br \/>\nVida Vizentaner r. Gaji\u0107,<br \/>\nBranko Gali\u0107,<br \/>\nAn\u0111a \u0160tajner r. Gali\u0107,<br \/>\n\u017deljko Hladek,<br \/>\nMara Selak r. Puljiz,<br \/>\nIrma Glad r. Ekli\u0107,<br \/>\nRu\u017ea Sli\u0161ko r. Princip<\/p>\n<p style=\"text-align: center;\"><strong>Pokopani u prosincu:<\/strong><\/p>\n<p style=\"text-align: center;\">Andrija Vondrak,<br \/>\nAn\u0111elka Damjanovi\u0107 r. Mustapi\u0107,<br \/>\nLucija Joki\u0107 r. Rukavina,<br \/>\nZdravka Ba\u0161i\u0107 r. Matan,<br \/>\nMarija Andres,<br \/>\nIvan Romi\u0107,<br \/>\nJosip Stranjak,<br \/>\nManda \u017dubrini\u0107 r. Vu\u010deti\u0107,<br \/>\nAnica Kova\u010d r. Ke\u010dke\u0161,<br \/>\n\u0110ur\u0111ica \u010canakin r. Rodek,<br \/>\nReza Mihaljevi\u0107 r. Ki\u010di\u0107,<br \/>\nIvica \u0160tabek,<br \/>\nBoris \u010cupi\u0107,<br \/>\nNada Altman r. Macinger,<br \/>\nIvana Mitri\u0107 r. Tobijas,<br \/>\nLjubica Tomas r. Kordi\u0107,<br \/>\nMarija Knajz,<br \/>\nBla\u017eenka Bala\u0161 r. Pavi\u0107,<br \/>\nVjera Pastar r. Toth,<br \/>\nEva \u010ceple r. Bagudi\u0107<\/p>\n<p style=\"text-align: center;\"><em><strong>2020. GODINA<\/strong><\/em><\/p>\n<p style=\"text-align: center;\">\n<p style=\"text-align: center;\"><strong>Pokopani u sije\u010dnju:<\/strong><\/p>\n<p style=\"text-align: center;\">Antun \u0160krobar,<br \/>\nKosovka Mihaljevi\u0107 r. Egi\u0107,<br \/>\nIvan Pe\u0161ut,<br \/>\n\u017deljko Kraker,<br \/>\nMarija Kralj\u010dak r. Potnar,<br \/>\nEva Banjan r. Fala\u0161ta,<br \/>\nIva Kurtovi\u0107 r. Opa\u010dak,<br \/>\nEna Svalina,<br \/>\nKata Marokovi\u0107 r. Majstorovi\u0107,<br \/>\nIlonka Ki\u0161asondi,<br \/>\nAnte Bakota,<br \/>\nBara Boro\u0161 r. \u017duna<\/p>\n<p style=\"text-align: center;\"><strong>Pokopani u velja\u010di:<\/strong><\/p>\n<p style=\"text-align: center;\">Bara Vujovi\u0107 r. Kova\u010d,<br \/>\nVera Vinkler r. Mati\u0107,<br \/>\nMarta Hajec r. Kraljik,<br \/>\nMarija Strme\u010dki r. Beljo,<br \/>\nIvan Karaka\u0161,<br \/>\nJosip Ro\u010dek,<br \/>\nZdenko Neznanovi\u0107,<br \/>\nJulijana Borba\u0161 r. Tereki,<br \/>\nNevenko Milas,<br \/>\nFranjo Ani\u0107<\/p>\n<p style=\"text-align: center;\"><strong>Pokopani u o\u017eujku:<\/strong><\/p>\n<p style=\"text-align: center;\">Vlatko Delali\u0107,<br \/>\nJosip Prutki,<br \/>\nPavao Drenjan\u010devi\u0107,<br \/>\nMarija Kne\u017eevi\u0107 r. Reb,<br \/>\nZdenka Star\u010devi\u0107 r. Bo\u0161njak,<br \/>\nSlavka Vetengl r. Stojakovi\u0107,<br \/>\nVera Grahovac r. Dori\u0107,<br \/>\nIvan Peri\u0107<\/p>\n<p style=\"text-align: center;\"><strong>Pokopani u travnju:<\/strong><\/p>\n<p style=\"text-align: center;\">Ivan \u0110ura\u010di\u0107,<br \/>\nBerislav Mi\u0161ura,<br \/>\nSlavka Lovren\u010di\u0107 r. Jurani\u0107,<br \/>\nZorka Ribi\u010di\u0107 r. Ani\u0107,<br \/>\nTerezija Kova\u010d r. Dori\u0107,<br \/>\nFranjo \u010cete,<br \/>\nDanica Zlomisli\u0107 r. Kraj\u0161i\u0107,<br \/>\nVladimir \u010cunovi\u0107,<br \/>\nRadojka Futivi\u0107 r. Milinkovi\u0107,<br \/>\nIva Horvat r. Pe\u0161o<\/p>\n<p style=\"text-align: center;\"><strong>Pokopani u svibnju:<\/strong><\/p>\n<p style=\"text-align: center;\">Tomislav Conjar,<br \/>\nNada Mazur r. Eregi\u0107,<br \/>\nJosip Iva\u010di\u0107,<br \/>\nVerica Ivani\u0107 r. Ivani\u0107,<br \/>\nJosip Varga,<br \/>\nLela Koprivnjak,<br \/>\nMargareta Li\u0161nji\u0107 r. Knochl,<br \/>\nJasna \u0106ori\u0107 r. \u0160ebalj,<br \/>\nJadranka Kokolari r. Vukovi\u0107,<br \/>\nStjepan Skender,<br \/>\nKatica Kordi\u0107 r. Salaj,<br \/>\nMarijan Rogulji\u0107,<br \/>\nAna Be\u010dkei r. Sarva\u0161,<br \/>\nDaniel Sena\u0161i<\/p>\n<p style=\"text-align: center;\"><strong>Pokopani u lipnju:<\/strong><\/p>\n<p style=\"text-align: center;\">Jozo \u0106osi\u0107,<br \/>\nLjubomir Parlov,<br \/>\nLjubica Rajkov r. Kostanj\u010dar,<br \/>\nIvica Ga\u0107e,<br \/>\nZora Sireta r. Bara\u010d,<br \/>\nJosip Poje,<br \/>\nAna Lakner r. Todori\u0107,<br \/>\nMarijan Horvat,<br \/>\nMarijan Kne\u017eevi\u0107,<br \/>\nGabrijel \u010candrli\u0107,<br \/>\nJakov Rimac,<br \/>\nKata Vru\u0107ina r. Ki\u017eman,<br \/>\nIlonka Knajz<\/p>\n<p style=\"text-align: center;\"><strong>Pokopani u srpnju:<\/strong><\/p>\n<p style=\"text-align: center;\">Matilda Popovi\u0107 r. Meder,<br \/>\nMilovan Prekodravac,<br \/>\nVinka Mlinarevi\u0107 r. Milas,<br \/>\nIvan Matovina,<br \/>\nIvica Vui\u0107,<br \/>\nMarija Ga\u0161par\u010dek r. Tschiatschek,<br \/>\nIvica Sigeti,<br \/>\nDu\u0161anka \u017debi\u0107 r. Savadinovi\u0107,<br \/>\n\u017deljka Vuksani\u0107 r. Hajduk<\/p>\n<p style=\"text-align: center;\"><strong>Pokopani u kolovozu:<\/strong><\/p>\n<p style=\"text-align: center;\">Darija Tarnaj r. Hlobik,<br \/>\nLjuba Vlahovi\u0107 r. Leko,<br \/>\nDanica Kanaet r. Majeti\u0107<\/p>\n<p style=\"text-align: center;\"><strong>Pokopani u rujnu:<\/strong><\/p>\n<p style=\"text-align: center;\">Zvonimir Horvat,<br \/>\nMatija Buljuba\u0161i\u0107 r. Mihi\u0107,<br \/>\nAna Celi\u0107,<br \/>\nSanja Kasal r. Be\u010din,<br \/>\nJosip Bla\u017eeka,<br \/>\nIvan Vuleti\u0107,<br \/>\nGoran \u0160tefanec<\/p>\n<p style=\"text-align: center;\"><strong>Pokopani u listopadu:<\/strong><\/p>\n<p style=\"text-align: center;\">Mira Pr\u0161a r. Turkalj,<br \/>\nBlanka Buljuba\u0161i\u0107 r. Bla\u017eevi\u0107,<br \/>\nNenad Leti\u0107,<br \/>\nFranjo Majsteri\u0107,<br \/>\nZvonimir Paj\u010di\u0107,<br \/>\nMarijan Ribi\u010di\u0107,<br \/>\nAngjela Ger\u0161i\u0107 r. Sodar,<br \/>\nJosip Bem,<br \/>\nMiroslav Topal,<br \/>\nMarica Jak\u0161i\u0107 r.Ivankov,<br \/>\nVinka Pole\u0161ak r. Jerkovi\u0107,<br \/>\nAntun \u0160repler,<br \/>\nIvan Do\u0161en<\/p>\n<p style=\"text-align: center;\"><strong>Pokopani u studenome:<\/strong><\/p>\n<p style=\"text-align: center;\">Ilonka Kne\u017eevi\u0107 r. Horvat,<br \/>\nStjepan \u010ceman,<br \/>\nKata Hani\u017ejar r. Gjurinski,<br \/>\nIka Pavi\u010di\u0107 r. Sekuli\u0107,<br \/>\nAntun Mendler,<br \/>\nJoso Sladi\u0107,<br \/>\nEva \u0110uri\u010dkovi\u0107 r. Kopljar,<br \/>\nSofija Vu\u010dko r. Trampus,<br \/>\nSofija Glava\u0161 r. \u010cerkez<\/p>\n<p style=\"text-align: center;\"><strong>Pokopani u prosincu:<\/strong><\/p>\n<p style=\"text-align: center;\">Branka Kova\u010devi\u0107 r. Mihaljevi\u0107,<br \/>\nZora Novak r. Balkovi\u0107,<br \/>\nKata Marjanovi\u0107 r. Sabo,<br \/>\nBosiljka \u0160tebek r. Mi\u010di\u0107,<br \/>\nMira Kraus r. \u0110ur\u0111evi\u0107,<br \/>\nAntica Gaji\u0107 r. Ti\u010dinovi\u0107,<br \/>\nMiroslav Uremovi\u0107,<br \/>\nDominik \u010culjak,<br \/>\nKata Weinper r. Kuruc,<br \/>\nDra\u017een Trelec,<br \/>\nMarko Ra\u0111a,<br \/>\nVinko Prgomet,<br \/>\nMarijan Brni\u0107,<br \/>\nTomislav Smaji\u0107,<br \/>\n\u0160tefica Vukadinovi\u0107 r. Kulier,<br \/>\nBo\u017eidar \u010celan,<br \/>\nDrago Kelava,<br \/>\n\u017deljko Vulin,<br \/>\nZorka Bari\u0161i\u0107 r. Ravli\u0107<\/p>\n<p style=\"text-align: center;\"><em><strong>2019. GODINA<\/strong><\/em><\/p>\n<p style=\"text-align: center;\">\n<p style=\"text-align: center;\"><strong>Pokopani u sije\u010dnju:<\/strong><br \/>\nBlanka Bak\u0161a,<br \/>\nIgor Bogatirov,<br \/>\nZlatko Savanovi\u0107,<br \/>\nSlavka Ga\u0107e r. Todori\u0107,<br \/>\nIvka Leko r. Leko,<br \/>\nJozo Peki\u0107,<br \/>\nLucija Gali\u0107 r. Vu\u010di\u0107,<br \/>\nSlavka Mihi\u0107 r. Su\u0161i\u0107,<br \/>\nNada Cebi\u0107 r. Vitkovi\u0107,<br \/>\nVuka\u0161in Gaji\u0107,<br \/>\nIvan Mesarek<\/p>\n<p style=\"text-align: center;\"><strong>Pokopani u velja\u010di:<\/strong><\/p>\n<p style=\"text-align: center;\">Ivan Ivan\u010di\u0107,<br \/>\nMarija Pla\u0161\u010devi\u0107 r. Gregor,<br \/>\nLadislava Plav\u0161i\u0107 r. Dvorski,<br \/>\nStipo Bara\u0107,<br \/>\nJosip Nada\u0161di,<br \/>\nVladimir Mila\u0161inovi\u0107,<br \/>\nGoran Veki\u0107,<br \/>\nAn\u0111elko Kova\u010devi\u0107,<br \/>\nSini\u0161a Pavi\u0107,<br \/>\nRozalija Pu\u0161elji\u0107 r. Ladic,<br \/>\nManda Gali\u0107 r. Brekalo,<br \/>\nMarija Do\u0161en r. Seginj<\/p>\n<p style=\"text-align: center;\"><strong>Pokopani u o\u017eujku:<\/strong><\/p>\n<p style=\"text-align: center;\">Juraj Rukavina,<br \/>\nIvka Barbari\u0107 \u2013 \u0160ehi\u0107,<br \/>\nStjepan Balint,<br \/>\nKrsta Topal r. Mr\u0161i\u0107,<br \/>\nDanica Grepo r. Kustura,<br \/>\nMarija Tutavac r. Mihali\u0107,<br \/>\nPaula \u0160koro r. Baji\u0107,<br \/>\nStjepan Skrok<\/p>\n<p style=\"text-align: center;\"><strong>Pokopani u travnju:<\/strong><\/p>\n<p style=\"text-align: center;\">Zdenka Sabo,<br \/>\nMatija Mikoli\u0107,<br \/>\nPetar \u0160u\u0161ak,<br \/>\nMarija Poli\u010di\u0107 r. Leki\u0107,<br \/>\n\u0110uro Kramar,<br \/>\nDragutin Han\u017e,<br \/>\nJosip Jurkovi\u0107,<br \/>\n\u017darko Mili\u010devi\u0107,<br \/>\nZlatko Stojanovi\u0107,<br \/>\nFilip Ra\u0161i\u0107,<br \/>\nAnte Pavi\u010di\u0107,<br \/>\nNada Martin\u010devi\u0107<\/p>\n<p style=\"text-align: center;\"><strong>Pokopani u svibnju:<\/strong><\/p>\n<p style=\"text-align: center;\">Matija Duka r. Deli\u0107,<br \/>\nKsenija Ko\u0161aro\u0161 r. Peklar<\/p>\n<p style=\"text-align: center;\"><strong>Pokopani u lipnju:<\/strong><\/p>\n<p style=\"text-align: center;\">Ru\u017ea \u017duna,<br \/>\nTerezija Ringsmut r. Kalkan,<br \/>\nMijo Balta,<br \/>\nRudolf Kalmar,<br \/>\nRozalija Geci r. Mati\u0161i\u0107,<br \/>\nAna Vunak r. Jurkovi\u0107<\/p>\n<p style=\"text-align: center;\"><strong>Pokopani u srpnju:<\/strong><\/p>\n<p style=\"text-align: center;\">Marija Luki\u0107 r. Mustapi\u0107,<br \/>\nVjekoslav Kasumovi\u0107,<br \/>\nZora Jonji\u0107 r. Vu\u010dko,<br \/>\nBara Kova\u010d r. Mikec,<br \/>\nNela Gelo r. Primu\u0161,<br \/>\nDubravka \u0160karo r. Bo\u017euri\u0107,<br \/>\nBoro Su\u0161ilo<\/p>\n<p style=\"text-align: center;\"><strong>Pokopani u kolovozu:<\/strong><\/p>\n<p style=\"text-align: center;\">Zdenko Rosandi\u0107,<br \/>\nAugustin Peni\u0107,<br \/>\nDarinka Akmad\u017ei\u0107,<br \/>\n\u0110uro Tomi\u0107,<br \/>\nGrgur Petri\u010di\u0107,<br \/>\nIvica Becker,<br \/>\nDra\u017een Ezgeta,<br \/>\nVinko Jonji\u0107,<br \/>\nPatrik Janji\u0107<\/p>\n<p style=\"text-align: center;\"><strong>Pokopani u rujnu:<\/strong><\/p>\n<p style=\"text-align: center;\">Zorica Rab r. Popovi\u0107,<br \/>\nViktor Mogu\u0161,<br \/>\nJosip Hujber,<br \/>\nIngeborg Salaj r. Veverka<\/p>\n<p style=\"text-align: center;\"><strong>Pokopani u listopadu:<\/strong><\/p>\n<p style=\"text-align: center;\">Ana Gajdo\u0161 r. \u0160krlec,<br \/>\nPavao Puljak,<br \/>\nBranko Berton,<br \/>\nSlobodan Tolj,<br \/>\nIlonka Kurbalija r. Nemet,<br \/>\nZoran Farka\u0161,<br \/>\nDragutin Radanovi\u0107,<br \/>\nJula Prutki r. Ja\u0161ek,<br \/>\nAna Ani\u0107 r. Malta\u0161i\u0107,<br \/>\nDu\u0161anka Brbli\u0107 r. Domanovac,<br \/>\nAnka Matovina r. Krznari\u0107,<br \/>\nMira Glava\u0161 r. Kufner,<br \/>\nFranjo Vara\u017edinac,<br \/>\nSlavko Vukadinovi\u0107<\/p>\n<p style=\"text-align: center;\"><strong>Pokopani u studenom:<\/strong><\/p>\n<p style=\"text-align: center;\">Dominik Zec,<br \/>\nJozo Mili\u010devi\u0107,<br \/>\nVeselka Peri\u0107 r. Toli\u0107,<br \/>\nLuca Kova\u010devi\u0107 r. Svalina,<br \/>\nIvan Perlinger,<br \/>\nMira Kova\u010d r. Kranj\u010devi\u0107,<br \/>\nFeliks Sa\u010der<\/p>\n<p style=\"text-align: center;\"><strong>Pokopani u prosincu:<\/strong><\/p>\n<p style=\"text-align: center;\">Franjo Ki\u0111emet,<br \/>\nEmilija Ham r. \u0160imi\u0107,<br \/>\nIvka Kelava r. Juri\u0107,<br \/>\nStjepan Ad\u017eami\u0107,<br \/>\nRudolf Hajec,<br \/>\nMilan Cvitanu\u0161i\u0107,<br \/>\nAna Mihajlovi\u0107 r. Hirschter,<br \/>\nDragutin Bajkovec<\/p>\n<p style=\"text-align: center;\"><em><strong>2018. GODINA<\/strong><\/em><\/p>\n<p style=\"text-align: center;\"><strong>Pokopani u sije\u010dnju:<\/strong><\/p>\n<p style=\"text-align: center;\">Nada \u010ca\u0111o,<br \/>\nLjubica Jakobljevi\u0107 r. Mamuzi\u0107,<br \/>\nRozalija Hasenauer r. Leh,<br \/>\nAna Herget r. Kuzma,<br \/>\nDarko Juri\u0161i\u0107,<br \/>\nAnu\u0161ka Matota r. Embre\u0161i\u0107,<br \/>\nZlata Krni\u0107 r. \u0160imon,<br \/>\nSlavko Plan\u010dak,<br \/>\nIlija Bartolovi\u0107,<br \/>\nAdam Geto\u0161<\/p>\n<p style=\"text-align: center;\"><strong>Pokopani u velja\u010di:<\/strong><\/p>\n<p style=\"text-align: center;\">Avdo Polimac,<br \/>\nSlavica Balen r. Fuljeti\u0107,<br \/>\nDarko Bili\u0107,<br \/>\nDesanka Vuksani\u0107 r. Maleti\u0107<\/p>\n<p style=\"text-align: center;\"><strong>Pokopani u o\u017eujku:<\/strong><\/p>\n<p style=\"text-align: center;\">Josip Dobra,<br \/>\nDavid Bari\u0107,<br \/>\nMilan Kramer,<br \/>\nStanko Vukoja,<br \/>\nAna Forjan r.Strme\u010dki,<br \/>\nStanka Rogulj r.Vukadinovi\u0107,<br \/>\nJosipa Mihaljinec r. Haban,<br \/>\nZvonko Gori\u010dki\u0107,<br \/>\nNevenka Gregani\u0107 r. Horvati\u0107,<br \/>\nMarija Jandrli\u0107 r.Frkovi\u0107,<br \/>\nAgata Hackenberger r,Hufnagel,<br \/>\nAna Horvati\u0107 r. \u010celeda<\/p>\n<p style=\"text-align: center;\"><strong>Pokopani u travnju:<\/strong><\/p>\n<p style=\"text-align: center;\">Ivica Smoljan,<br \/>\nAnte Ivankovi\u0107,<br \/>\nDijana \u010cili\u0107 r. Tolj,<br \/>\nZdravko Mekovi\u0107,<br \/>\nAndrija \u0160imi\u0107,<br \/>\nJosip Hosu,<br \/>\nMarija Vuleti\u0107 r. \u0160aki\u0107,<br \/>\nVlasta Kova\u010d r. Kocijan,<br \/>\nMatilda \u0160repfer r. Martinkovi\u0107,<br \/>\nNada Sita r. Markovi\u0107,<br \/>\n\u0160imun Rado\u0161<\/p>\n<p style=\"text-align: center;\"><strong>Pokopani u svibnju:<\/strong><\/p>\n<p style=\"text-align: center;\">Franjo \u010ceke,<br \/>\nBoja Vukelja r. Bobanovi\u0107,<br \/>\nZaim Brajkovi\u0107,<br \/>\nIvan Bari\u0107,<br \/>\nNikola \u0160kari\u0107,<br \/>\nMarija Juki\u0107 r. \u010cizmadija,<br \/>\nJosip Grepo,<br \/>\nDenis \u010custovi\u0107,<br \/>\nBo\u017eica Radin r. Mun\u0111ar,<br \/>\nAna Kendl r. Kova\u010devi\u0107,<br \/>\nZlata Habuda r. Sabljak,<br \/>\nStanko Horvat,<br \/>\nRu\u017ea Boj\u010di\u0107 r. Rako,<br \/>\nZvonko Vukojevi\u0107<\/p>\n<p style=\"text-align: center;\"><strong>Pokopani u lipnju:<\/strong><\/p>\n<p style=\"text-align: center;\">Ivan Marin,<br \/>\nSebastijan \u0160tibi,<br \/>\nMatija Ani\u0107 r. Perkovi\u0107,<br \/>\nVeron Talan,<br \/>\nJosip Segin,<br \/>\nAnica Krpan r. Skrenkovi\u0107,<br \/>\nBorko \u0106orkovi\u0107,<br \/>\nNera Spomenka Goreta r. Junu\u0161i\u0107<\/p>\n<p style=\"text-align: center;\"><strong>Pokopani u srpnju:<\/strong><\/p>\n<p style=\"text-align: center;\">Mirjana Zoro r. Glava\u0161,<br \/>\nVlado Dubravac,<br \/>\nJerko Leko,<br \/>\nTomislav Kauzlari\u0107,<br \/>\nMarija Balta r. Homogi,<br \/>\nEva Zetovi\u0107 r. Ba\u017eant<\/p>\n<p style=\"text-align: center;\"><strong>Pokopani u kolovozu:<\/strong><\/p>\n<p style=\"text-align: center;\">Stjepan Bo\u017ei\u0107,<br \/>\n\u017delimir Filipovi\u0107,<br \/>\nJosip Kralik,<br \/>\nNikola Birti\u0107,<br \/>\nFedika \u010corak r. Stipani\u010dev,<br \/>\nIvan Vlahovi\u0107,<br \/>\nMato Su\u0161ac,<br \/>\nAna \u0160mit r. \u010cuha,<br \/>\nMato Gottler,<br \/>\n\u0160tefica Gucmirtl r. Toth,<br \/>\nNikola Basar,<br \/>\nMara Peni\u0107 r. D\u017eanko,<br \/>\nGoran Zoro,<br \/>\nIvan Kegalj,<br \/>\nMirko Karlak,<br \/>\nVladimir Balentovi\u0107,<br \/>\nZlatica Mehi\u010di\u0107-Butina<\/p>\n<p style=\"text-align: center;\"><strong>Pokopani u rujnu:<\/strong><\/p>\n<p style=\"text-align: center;\">\u0110uro Duki\u0107,<br \/>\nMarija Kruc r. Ru\u0161ka,<br \/>\nNedeljka Dev\u010di\u0107 r. Buletinac,<br \/>\nIvan Bari\u0107,<br \/>\nJanja Divi\u0107 r. \u010ceh,<br \/>\nVida Vizentaner r. Nei\u0107,<br \/>\nIvan Juri\u0107,<br \/>\nMarija \u0160poljari\u0107 Zec r. Juki\u0107,<br \/>\nIvan \u0160aki\u0107<\/p>\n<p style=\"text-align: center;\"><strong>Pokopani u listopadu:<\/strong><\/p>\n<p style=\"text-align: center;\">Helena \u0160antor r. Bodi\u0161,<br \/>\nPero Ronta,<br \/>\nBorka Kegalj,<br \/>\nIvanka \u010ca\u0111av\u010dan r. Kutle\u0161a,<br \/>\nZdravko Franji\u0107,<br \/>\nMatilda Milo\u0161evi\u0107 r. Pavo\u0161evi\u0107,<br \/>\nIvanka Grgi\u0107 r. Andrija\u0161evi\u0107,<br \/>\nJaka Leko r. Mlinarevi\u0107,<br \/>\nAna Eri r. Bala\u010d,<br \/>\nAna \u010cunovi\u0107 r. Vrban,<br \/>\nCvjetko Roterbauer,<br \/>\nMarija Kova\u010devi\u0107 r. Pauli\u0107,<br \/>\nFranjo Horvat,<br \/>\nJanja Gottler r. Pavo\u0161ev,<br \/>\nElizabeta Hajdukovi\u0107 r. Andok,<br \/>\nDragutin Posavi<\/p>\n<p style=\"text-align: center;\"><strong>Pokopani u studenom:<\/strong><\/p>\n<p style=\"text-align: center;\">Danijela \u010ceprni\u0107 r. Karaka\u0161,<br \/>\nMatija Nikoli\u0107,<br \/>\nJosip \u017divko,<br \/>\nMarija Kekez r. Mesarek,<br \/>\nBela Somer,<br \/>\nIva Mihaljinec r. Mandi\u0107,<br \/>\nMato Lu\u010di\u0107,<br \/>\nMara Rado\u0161evi\u0107 r. Tufek\u010di\u0107,<br \/>\nMarija Vargi\u0107 r. Bi\u0161kup,<br \/>\nIvanka Hozjan<\/p>\n<p style=\"text-align: center;\"><strong>Pokopani u prosincu:<\/strong><\/p>\n<p style=\"text-align: center;\">Zorka Cicvari\u0107 r. Mihaljevi\u0107,<br \/>\nSlavko Murkovi\u0107,<br \/>\nIvan Toma\u0161ek,<br \/>\nIvan Uglik,<br \/>\nKata Dodig r. Matai\u0107,<br \/>\nMarijan Gali\u0107,<br \/>\nIvan Rukavina<\/p>\n","protected":false},"excerpt":{"rendered":"<p>2026. GODINA Pokopani u sije\u010dnju: Sava Mijaki\u0107 r. Podunavac, Josip Dedi\u0107, Katica Be\u0161eni\u0107 r. Treska, Stjepan Eri\u0107, Marko Barbari\u0107, Andrija Gorjanac, Elizabeta Milovanov r. Biondi\u0107, Maja Ba\u010di\u0107 r. Pavlovi\u0107, Hermina \u0160o\u0161, Ana Rihter r. \u0160korak, Ljerka Reka\u0161 r. Pletikosi\u0107, Katarina Marjanovi\u0107 \u2013 Zulim Pokopani u velja\u010di: Josip Buljuba\u0161i\u0107, Draginja Perkovi\u0107 r. Jovanovi\u0107, Ivan Barjaktari\u0107, Berislav <a href=\"https:\/\/svetaobitelj.hr\/?page_id=26\" class=\"more-link\">[&hellip;]<\/a><\/p>\n","protected":false},"author":2,"featured_media":0,"parent":0,"menu_order":0,"comment_status":"closed","ping_status":"closed","template":"","meta":{"footnotes":""},"class_list":["entry","author-","post-26","page","type-page","status-publish"],"_links":{"self":[{"href":"https:\/\/svetaobitelj.hr\/index.php?rest_route=\/wp\/v2\/pages\/26","targetHints":{"allow":["GET"]}}],"collection":[{"href":"https:\/\/svetaobitelj.hr\/index.php?rest_route=\/wp\/v2\/pages"}],"about":[{"href":"https:\/\/svetaobitelj.hr\/index.php?rest_route=\/wp\/v2\/types\/page"}],"author":[{"embeddable":true,"href":"https:\/\/svetaobitelj.hr\/index.php?rest_route=\/wp\/v2\/users\/2"}],"replies":[{"embeddable":true,"href":"https:\/\/svetaobitelj.hr\/index.php?rest_route=%2Fwp%2Fv2%2Fcomments&post=26"}],"version-history":[{"count":106,"href":"https:\/\/svetaobitelj.hr\/index.php?rest_route=\/wp\/v2\/pages\/26\/revisions"}],"predecessor-version":[{"id":4146,"href":"https:\/\/svetaobitelj.hr\/index.php?rest_route=\/wp\/v2\/pages\/26\/revisions\/4146"}],"wp:attachment":[{"href":"https:\/\/svetaobitelj.hr\/index.php?rest_route=%2Fwp%2Fv2%2Fmedia&parent=26"}],"curies":[{"name":"wp","href":"https:\/\/api.w.org\/{rel}","templated":true}]}}