{"id":22,"date":"2018-02-16T04:33:57","date_gmt":"2018-02-16T04:33:57","guid":{"rendered":"https:\/\/svetaobitelj.hr?page_id=22"},"modified":"2026-05-01T06:52:05","modified_gmt":"2026-05-01T05:52:05","slug":"krstenja","status":"publish","type":"page","link":"http:\/\/svetaobitelj.hr\/?page_id=22","title":{"rendered":"Kr\u0161tenja"},"content":{"rendered":"<p style=\"text-align: center;\"><em><strong>2026. GODINA<\/strong><\/em><\/p>\n<p style=\"text-align: center;\"><strong>Kr\u0161teni u sije\u010dnju:<\/strong><\/p>\n<p style=\"text-align: center;\">Viktor Zdrav\u010devi\u0107,<br \/>\nMarko \u010celan,<br \/>\nJakov Cvetkovi\u0107<\/p>\n<p style=\"text-align: center;\"><strong>Kr\u0161teni u velja\u010di:<\/strong><\/p>\n<p style=\"text-align: center;\">Bono Poljak,<br \/>\nMarija Bobi\u0107,<br \/>\nLora Dizdar,<br \/>\nGordana Gospo\u010di\u0107,<br \/>\nEma Pi\u0161tingli<\/p>\n<p style=\"text-align: center;\"><strong>Kr\u0161teni u o\u017eujku:<\/strong><\/p>\n<p style=\"text-align: center;\">Leona \u0160trkalj,<br \/>\nPaola \u0160trkalj,<br \/>\nFranko Gaji\u0107,<br \/>\nAndrej Rajkovi\u0107<\/p>\n<p style=\"text-align: center;\"><strong>Kr\u0161teni u travnju:<\/strong><\/p>\n<p style=\"text-align: center;\">Maro \u0160tigler,<br \/>\nManuel Simonovi\u0107,<br \/>\nMatej \u0160ulava,<br \/>\nNikola Markovac,<br \/>\nNino Gali\u0107,<br \/>\nMila \u0160ima\u0161ek,<br \/>\nLucija Dr\u010dec,<br \/>\nLeo Pavi\u010di\u0107,<br \/>\nRoko Pu\u0161i\u0107 Kuna,<br \/>\nDavid Uglik<\/p>\n<p style=\"text-align: center;\"><em><strong>2025. GODINA<\/strong><\/em><\/p>\n<p style=\"text-align: center;\"><strong>Kr\u0161teni u sije\u010dnju:<\/strong><\/p>\n<p style=\"text-align: center;\">Ana Sep<\/p>\n<p style=\"text-align: center;\"><strong>Kr\u0161teni u velja\u010di:<\/strong><\/p>\n<p style=\"text-align: center;\">Fran Prekrat<\/p>\n<p style=\"text-align: center;\"><strong>Kr\u0161teni u o\u017eujku:<\/strong><\/p>\n<p style=\"text-align: center;\">Ante Galic Kuna,<br \/>\nKarlo Mlinarevi\u0107,<br \/>\nVigo Spaji\u0107,<br \/>\nDora Renduli\u0107<\/p>\n<p style=\"text-align: center;\"><strong>Kr\u0161teni u travnju:<\/strong><\/p>\n<p style=\"text-align: center;\">\u0160imun Kolak,<br \/>\nJuraj Vla\u0161i\u0107,<br \/>\nMikayla Ru\u0161kan<\/p>\n<p style=\"text-align: center;\"><strong>Kr\u0161teni u svibnju:<\/strong><\/p>\n<p style=\"text-align: center;\">Oliver Bandi\u0107,<br \/>\nEsja Gavri\u0107,<br \/>\nDina Hap,<br \/>\nBruno Brajkovi\u0107,<br \/>\nVito Cikovi\u0107<\/p>\n<p style=\"text-align: center;\"><strong>Kr\u0161teni u lipnju:<\/strong><\/p>\n<p style=\"text-align: center;\">Mihael Toki\u0107,<br \/>\nMia An\u0111eli\u0107,<br \/>\nGreta Kraja\u010di\u0107,<br \/>\nMarta Ga\u0107e,<br \/>\nDino Pratlja\u010di\u0107,<br \/>\nPetra \u0160imac,<br \/>\nIva U\u017earevi\u0107,<br \/>\nLukas Varga,<br \/>\nHana Marin\u010di\u0107,<br \/>\nHana \u0160ok\u010devi\u0107,<br \/>\nPetra Pek<\/p>\n<p style=\"text-align: center;\"><strong>Kr\u0161teni u srpnju:<\/strong><\/p>\n<p style=\"text-align: center;\">Mihael Kri\u017eanovi\u0107,<br \/>\nLuka Toma\u0161evi\u0107,<br \/>\nLara Toma\u0161evi\u0107<\/p>\n<p style=\"text-align: center;\"><strong>Kr\u0161teni u kolovozu:<\/strong><\/p>\n<p style=\"text-align: center;\">Greta Glava\u0161ki,<br \/>\nRajna Glava\u0161ki,<br \/>\nElanie Smiljani\u0107,<br \/>\nAurora Juri\u0107<\/p>\n<p style=\"text-align: center;\"><strong>Kr\u0161teni u rujnu:<\/strong><\/p>\n<p style=\"text-align: center;\">Mauro Pikec,<br \/>\nMarija Vi\u0161tica,<br \/>\nNora Petrovi\u0107,<br \/>\nEmanuel Na\u0111 Kolgjeraj,<br \/>\nVito Erva\u010dinovi\u0107,<br \/>\nNiko Ezgeta,<br \/>\n\u0160imun Ognjenovi\u0107,<br \/>\nFabijan Ronta<\/p>\n<p style=\"text-align: center;\"><strong>Kr\u0161teni u listopadu:<\/strong><\/p>\n<p style=\"text-align: center;\">Marija Pandurevi\u0107,<br \/>\nLara Crn\u010dan,<br \/>\nRoko Do\u0161en,<br \/>\nAnte Magdi\u0107,<br \/>\nRita \u0110ur\u0111evi\u0107,<br \/>\nLuka Rai\u0107,<br \/>\nIvan Palijan<\/p>\n<p style=\"text-align: center;\"><strong>Kr\u0161teni u studenome:<\/strong><\/p>\n<p style=\"text-align: center;\">Josip Kne\u017eevi\u0107,<br \/>\nKlara Juri\u0161i\u0107,<br \/>\nMauro Petru\u0161i\u0107,<br \/>\nVid Ili\u0107 Andri\u0107,<br \/>\nDavid Mikli\u0107,<br \/>\nBruno Cebi\u0107<\/p>\n<p style=\"text-align: center;\"><strong>Kr\u0161teni u prosincu:<\/strong><\/p>\n<p style=\"text-align: center;\">Mateo Franji\u0107,<br \/>\nMia Markovi\u0107,<br \/>\nSamuel Harhaj,<br \/>\nMateo Kitarovi\u0107,<br \/>\nElena Kitarovi\u0107,<br \/>\nFilip Leni\u0107,<br \/>\nTara \u0160u\u0161ak<\/p>\n<p style=\"text-align: center;\"><em><strong>2024. GODINA<\/strong><\/em><\/p>\n<p style=\"text-align: center;\"><strong>Kr\u0161teni u sije\u010dnju:<\/strong><\/p>\n<p style=\"text-align: center;\">Mata Manovi\u0107,<br \/>\nPetar Palijan,<br \/>\nIvo Brada\u0161i\u0107<\/p>\n<p style=\"text-align: center;\"><strong>Kr\u0161teni u velja\u010di:<\/strong><\/p>\n<p style=\"text-align: center;\">Luna Radivojevi\u0107,<br \/>\nMatej Vidakovi\u0107,<br \/>\nBorna Pintari\u0107<\/p>\n<p style=\"text-align: center;\"><strong>Kr\u0161teni u o\u017eujku:<\/strong><\/p>\n<p style=\"text-align: center;\">Katja Milas,<br \/>\nTomislav Pandurevi\u0107,<br \/>\nPetra Pand\u017ei\u0107,<br \/>\nKlara Ham<\/p>\n<p style=\"text-align: center;\"><strong>Kr\u0161teni u travnju:<\/strong><\/p>\n<p style=\"text-align: center;\">Ena Galjer,<br \/>\nIsabella Go\u0161ak,<br \/>\nPetar Trboglav,<br \/>\nJakov Trboglav,<br \/>\nMelani Matota,<br \/>\nLovro Zetovi\u0107,<br \/>\nFabijan Mikec,<br \/>\nPetra \u0160imi\u0107,<br \/>\nMarijan Koji\u0107,<br \/>\nNoemi Ezgeta<\/p>\n<p style=\"text-align: center;\"><strong>Kr\u0161teni u svibnju:<\/strong><\/p>\n<p style=\"text-align: center;\">Noemi Gazdik,<br \/>\nBorna Androji\u0107<\/p>\n<p style=\"text-align: center;\"><strong>Kr\u0161teni u lipnju:<\/strong><\/p>\n<p style=\"text-align: center;\">Lota Rezo,<br \/>\nTia Cirkven\u010di\u0107,<br \/>\nOtto Ku\u010dera,<br \/>\nIva Vi\u0161tica,<br \/>\nKre\u0161imir Bre\u0161ki\u0107,<br \/>\nKiara Muhar<\/p>\n<p style=\"text-align: center;\"><strong>Kr\u0161teni u srpnju:<\/strong><\/p>\n<p style=\"text-align: center;\">Cvita Jagati\u0107,<br \/>\nRita Juzba\u0161i\u0107,<br \/>\nEma Ivankovi\u0107,<br \/>\nAnabela Madecki,<br \/>\nIvan Milo\u017ei\u0107,<br \/>\nMateo Kova\u010devi\u0107<\/p>\n<p style=\"text-align: center;\"><strong>Kr\u0161teni u kolovozu:<\/strong><\/p>\n<p style=\"text-align: center;\">Sara Mikuli\u0107,<br \/>\nDavid Aramba\u0161i\u0107,<br \/>\nMatko Aramba\u0161i\u0107,<br \/>\nDoris Muk<\/p>\n<p style=\"text-align: center;\"><strong>Kr\u0161teni u rujnu:<\/strong><\/p>\n<p style=\"text-align: center;\">Leon \u010celan,<br \/>\nMatias \u0110erki,<br \/>\nMarin Tanackovi\u0107,<br \/>\nRafael Na\u0111 Kolgjeraj,<br \/>\nZo\u00eb Ani\u0107,<br \/>\nJan Ivi\u0107,<br \/>\nLiam Karaica,<br \/>\nMia Juri\u0107,<br \/>\nOliver Glava\u0161,<br \/>\nUna \u0110elagi\u0107,<br \/>\nValentino Popovi\u0107,<br \/>\nMateo Na\u0111<\/p>\n<p style=\"text-align: center;\"><strong>Kr\u0161teni u listopadu:<\/strong><\/p>\n<p style=\"text-align: center;\">Dea Duvnjak Embre\u0161i\u0107,<br \/>\nTena Suvala,<br \/>\nIva Pand\u017ei\u0107<\/p>\n<p style=\"text-align: center;\"><strong>Kr\u0161teni u studenome:<\/strong><\/p>\n<p style=\"text-align: center;\">Erne Na\u0111,<br \/>\nIva Vu\u010dko,<br \/>\nMarta Kuzman,<br \/>\nNiko Hergovi\u0107,<br \/>\nAnte Grbe\u0161a,<br \/>\nLaura Hanulak,<br \/>\nFranka Peri\u0107<\/p>\n<p style=\"text-align: center;\"><strong>Kr\u0161teni u prosincu:<\/strong><\/p>\n<p style=\"text-align: center;\">Margareta Apati\u0107,<br \/>\nGracija Grgi\u0107,<br \/>\nIskra Bu\u0161ljeta<\/p>\n<p style=\"text-align: center;\"><em><strong>2023. GODINA<\/strong><\/em><\/p>\n<p style=\"text-align: center;\"><strong>Kr\u0161teni u sije\u010dnju:<\/strong><\/p>\n<p style=\"text-align: center;\">Niko Milanko<\/p>\n<p style=\"text-align: center;\"><strong>Kr\u0161teni u velja\u010di:<\/strong><\/p>\n<p style=\"text-align: center;\">Zita Vujevi\u0107,<br \/>\nMario Manovi\u0107,<br \/>\nGabriel Draga\u0161,<br \/>\nEma \u0160korjanc<\/p>\n<p style=\"text-align: center;\"><strong>Kr\u0161teni u o\u017eujku:<\/strong><\/p>\n<p style=\"text-align: center;\">Jan Palinka\u0161<\/p>\n<p style=\"text-align: center;\"><strong>Kr\u0161teni u travnju:<\/strong><\/p>\n<p style=\"text-align: center;\">Lucija Sen\u010danin,<br \/>\nMateo Bagara,<br \/>\nKarla Franji\u0107,<br \/>\nLuka Jelo\u0161ek,<br \/>\nMata \u0160imi\u0107 Mari\u010di\u0107<\/p>\n<p style=\"text-align: center;\"><strong>Kr\u0161teni u svibnju:<\/strong><\/p>\n<p style=\"text-align: center;\">Leila Medved,<br \/>\nDrago Gospo\u010di\u0107,<br \/>\nTea Vidakovi\u0107<\/p>\n<p style=\"text-align: center;\"><strong>Kr\u0161teni u lipnju:<\/strong><\/p>\n<p style=\"text-align: center;\">Lovro Renduli\u0107,<br \/>\nMateo Klen,<br \/>\nSara Rezo,<br \/>\nLuka Bokan<\/p>\n<p style=\"text-align: center;\"><strong>Kr\u0161teni u srpnju:<\/strong><\/p>\n<p style=\"text-align: center;\">Filip Glava\u0161,<br \/>\nIva Gradinjan,<br \/>\nNika Strugar,<br \/>\nGreta Kulund\u017ei\u0107,<br \/>\nAmanda Pek<\/p>\n<p style=\"text-align: center;\"><strong>Kr\u0161teni u kolovozu:<\/strong><\/p>\n<p style=\"text-align: center;\">Teo Andl,<br \/>\nEma Martinovi\u0107,<br \/>\nDoris Makar,<br \/>\nLucas Duspara,<br \/>\nKarlo Padovan,<br \/>\nLukas Mlinarevi\u0107,<br \/>\nErik \u010corak,<br \/>\nZora Vidovi\u0107<\/p>\n<p style=\"text-align: center;\"><strong>Kr\u0161teni u rujnu:<\/strong><\/p>\n<p style=\"text-align: center;\">Karlo Bartok,<br \/>\nBorna Pratlja\u010di\u0107,<br \/>\nZvonimir Kop\u010di\u0107,<br \/>\nIvan Fla\u010der<\/p>\n<p style=\"text-align: center;\"><strong>Kr\u0161teni u listopadu:<\/strong><\/p>\n<p style=\"text-align: center;\">Marko Vu\u010dko,<br \/>\nSamantha Fi\u0161ter \u0106iri\u0107,<br \/>\nAndreas \u0160ol,<br \/>\nRita Braji\u010di\u0107<\/p>\n<p style=\"text-align: center;\"><strong>Kr\u0161teni u studenome:<\/strong><\/p>\n<p style=\"text-align: center;\">Sara Maji\u0107,<br \/>\nLucas Mari\u0107 Lede,<br \/>\n\u0160imun \u010ci\u010dak,<br \/>\nLuciano Gori\u010dki\u0107,<br \/>\nDavid Doma\u0107inovi\u0107<\/p>\n<p style=\"text-align: center;\"><strong>Kr\u0161teni u prosincu:<\/strong><\/p>\n<p style=\"text-align: center;\">Vita Ronta,<br \/>\nMarin Obradovi\u0107,<br \/>\nAria Jeri\u0107,<br \/>\nAnton Matkovi\u0107,<br \/>\nNoa Parabi\u0107<\/p>\n<p style=\"text-align: center;\"><em><strong>2022. GODINA<\/strong><\/em><\/p>\n<p style=\"text-align: center;\"><strong>Kr\u0161teni u sije\u010dnju:<\/strong><\/p>\n<p style=\"text-align: center;\">Nika \u0160eparovi\u0107<\/p>\n<p style=\"text-align: center;\"><strong>Kr\u0161teni u velja\u010di:<\/strong><\/p>\n<p style=\"text-align: center;\">Nikol Prekrat,<br \/>\nKan Saso,<br \/>\nEma Gagro<\/p>\n<p style=\"text-align: center;\"><strong>Kr\u0161teni u o\u017eujku:<\/strong><\/p>\n<p style=\"text-align: center;\">Leona Cvitko,<br \/>\nKatja Vajtner,<br \/>\nJakov Jal\u017eabeti\u0107<\/p>\n<p style=\"text-align: center;\"><strong>Kr\u0161teni u travnju:<\/strong><\/p>\n<p style=\"text-align: center;\">Fran Stjepan Romi\u0107,<br \/>\nVita U\u017earevi\u0107,<br \/>\nJakov Maras,<br \/>\nDora Maras,<br \/>\nLea Vukosavljevi\u0107,<br \/>\nMateo \u0110akovi\u0107<\/p>\n<p style=\"text-align: center;\"><strong>Kr\u0161teni u svibnju:<\/strong><\/p>\n<p style=\"text-align: center;\">Mia \u0106orluka,<br \/>\nJelena Badrov,<br \/>\nDunja Badrov,<br \/>\nMila Filipovi\u0107,<br \/>\nFranka Runje,<br \/>\nLovro Buljan,<br \/>\nNora Reinspach,<br \/>\nToma Sa\u010der,<br \/>\nMia Magud,<br \/>\nKonor Ljubi\u0107,<br \/>\nLucija \u0160imi\u0107,<br \/>\nNoa Sumrak,<br \/>\nNadja Horvatovi\u0107,<br \/>\nAmeli Mili\u010devi\u0107<\/p>\n<p style=\"text-align: center;\"><strong>Kr\u0161teni u lipnju:<\/strong><\/p>\n<p style=\"text-align: center;\">Lana Luci\u0107,<br \/>\nHana Matin,<br \/>\nAn\u0111ela Hergovi\u0107,<br \/>\nElena Ivanov,<br \/>\nRita Gerber,<br \/>\nLeyla Handanovi\u0107,<br \/>\nTia Sarka,<br \/>\nEla Petrovi\u0107,<br \/>\nIskra Zrili\u0107,<br \/>\nAdela Zrili\u0107,<br \/>\nHajdi Zrili\u0107<\/p>\n<p style=\"text-align: center;\"><strong>Kr\u0161teni u srpnju:<\/strong><\/p>\n<p style=\"text-align: center;\">Antonio Boj\u010di\u0107,<br \/>\nJona Dubravac,<br \/>\nAndrej Rami\u0107,<br \/>\nLuka Ten\u017eera,<br \/>\nAdrian Huseli\u0107,<br \/>\nIvan Hab,<br \/>\nNicole Kopi\u0107,<br \/>\nLina Veinberger<\/p>\n<p style=\"text-align: center;\"><strong>Kr\u0161teni u kolovozu:<\/strong><\/p>\n<p style=\"text-align: center;\">Borna Ceglec,<br \/>\nEva Juri\u0107,<br \/>\nLiam Ov\u010darik,<br \/>\nMia Drempeti\u0107,<br \/>\nRita Labazan<\/p>\n<p style=\"text-align: center;\"><strong>Kr\u0161teni u rujnu:<\/strong><\/p>\n<p style=\"text-align: center;\">Mirjam Praljak,<br \/>\nMihael Kramar,<br \/>\nKiara \u0160eri\u0107,<br \/>\nIris Ga\u0107e,<br \/>\nEmili Ka\u010dani\u0107,<br \/>\nIvan Mlinari\u0107,<br \/>\nBorna Mlinari\u0107<\/p>\n<p style=\"text-align: center;\"><strong>Kr\u0161teni u listopadu:<\/strong><\/p>\n<p style=\"text-align: center;\">Teo Gonzurek,<br \/>\nAna Grbe\u0161a,<br \/>\nHana Vujnovi\u0107,<br \/>\nBartol Toma\u0161evi\u0107,<br \/>\nIskra \u010cagljevi\u0107,<br \/>\nElena Uglik,<br \/>\nLuka Kova\u010devi\u0107,<br \/>\nMia Amanovi\u0107,<br \/>\nNathalie \u0160torat<\/p>\n<p style=\"text-align: center;\"><strong>Kr\u0161teni u studenome:<\/strong><\/p>\n<p style=\"text-align: center;\">Duje Bulj,<br \/>\nKatja Labaj,<br \/>\nPetar Ofenbeher,<br \/>\nJakov Brajkovi\u0107<\/p>\n<p style=\"text-align: center;\"><strong>Kr\u0161teni u prosincu:<\/strong><\/p>\n<p style=\"text-align: center;\">Robin Kljenak Horvat,<br \/>\nFran Mlinarevi\u0107,<br \/>\nNika Kri\u017eanovi\u0107,<br \/>\nStjepan Erkapi\u0107<\/p>\n<p style=\"text-align: center;\"><em><strong>2021. GODINA<\/strong><\/em><\/p>\n<p style=\"text-align: center;\"><strong>Kr\u0161teni u velja\u010di:<\/strong><\/p>\n<p style=\"text-align: center;\">Tin Lajk Burger<\/p>\n<p style=\"text-align: center;\"><strong>Kr\u0161teni u o\u017eujku:<\/strong><\/p>\n<p style=\"text-align: center;\">Iva Ivankovi\u0107<\/p>\n<p style=\"text-align: center;\"><strong>Kr\u0161teni u travnju:<\/strong><\/p>\n<p style=\"text-align: center;\">David He\u0161ka,<br \/>\nBorna He\u0161ka<\/p>\n<p style=\"text-align: center;\"><strong>Kr\u0161teni u svibnju:<\/strong><\/p>\n<p style=\"text-align: center;\">Nora Petrovi\u0107,<br \/>\nBartol Pe\u0161ut,<br \/>\nLucija Nikola,<br \/>\nFilip Priji\u0107<\/p>\n<p style=\"text-align: center;\"><strong>Kr\u0161teni u lipnju:<\/strong><\/p>\n<p style=\"text-align: center;\">Noa Gelo,<br \/>\nFran Buljuba\u0161i\u0107,<br \/>\nLuka Herman,<br \/>\nAnte Mihael Gugi\u0107,<br \/>\nMarin \u0106utuk,<br \/>\nAni Mili\u010devi\u0107,<br \/>\nNiko Ivani\u0107,<br \/>\nAna \u010ci\u010dak,<br \/>\nMarla Spaji\u0107,<br \/>\nAdam Broz<\/p>\n<p style=\"text-align: center;\"><strong>Kr\u0161teni u srpnju:<\/strong><\/p>\n<p style=\"text-align: center;\">Ante Garac,<br \/>\nNoa Stu\u010dka,<br \/>\nLuka Karaica<\/p>\n<p style=\"text-align: center;\"><strong>Kr\u0161teni u kolovozu:<\/strong><\/p>\n<p style=\"text-align: center;\">Borna Ofenbeher,<br \/>\nLuisa Zare,<br \/>\nGabriel Kraja\u010di\u0107,<br \/>\nBruna Lackovi\u0107,<br \/>\nAndrej Kor\u0161o\u0161,<br \/>\nGabriel Elkazovi\u0107,<br \/>\nSonja Muk,<br \/>\nMarin Priji\u0107,<br \/>\nJan Idrizovi\u0107,<br \/>\nDino Idrizovi\u0107<\/p>\n<p style=\"text-align: center;\"><strong>Kr\u0161teni u rujnu:<\/strong><\/p>\n<p style=\"text-align: center;\">Matej Mr\u010dela,<br \/>\nBruno Mr\u010dela,<br \/>\nNina Stani\u0107,<br \/>\nDoris Petrovi\u0107,<br \/>\nLovro Vu\u010dko,<br \/>\nIva Dokletal,<br \/>\nRoza Satler,<br \/>\nBruno \u010cuturdi\u0107,<br \/>\nAnja Karajica<\/p>\n<p style=\"text-align: center;\"><strong>Kr\u0161teni u listopadu:<\/strong><\/p>\n<p style=\"text-align: center;\">Bruno Ceronja,<br \/>\nTara \u0160uljug,<br \/>\nMarko Pand\u017ei\u0107<\/p>\n<p style=\"text-align: center;\"><strong>Kr\u0161teni u studenome:<\/strong><\/p>\n<p style=\"text-align: center;\">Dominik \u0160omo\u0111i,<br \/>\nMagdalena Ivani\u0107<\/p>\n<p style=\"text-align: center;\"><strong>Kr\u0161teni u prosincu:<\/strong><\/p>\n<p style=\"text-align: center;\">Borna Mili\u010devi\u0107,<br \/>\nLuka Pand\u017ei\u0107,<br \/>\nLuka Aramba\u0161i\u0107,<br \/>\n\u0160imun Juzba\u0161i\u0107,<br \/>\nEmanuel Mati\u0107,<br \/>\nAria Pratlja\u010di\u0107<\/p>\n<p style=\"text-align: center;\"><em><strong>2020. GODINA<\/strong><\/em><\/p>\n<p style=\"text-align: center;\"><strong>Kr\u0161teni u sije\u010dnju:<\/strong><\/p>\n<p style=\"text-align: center;\">Marko Boj\u010di\u0107,<br \/>\nNika Panjkov,<br \/>\nJosip Vidovi\u0107<\/p>\n<p style=\"text-align: center;\"><strong>Kr\u0161teni u velja\u010di:<\/strong><\/p>\n<p style=\"text-align: center;\">Dominik Petanjak,<br \/>\nMarieta Kramar,<br \/>\nDorijan Biland\u017ei\u0107,<br \/>\nAnte Kri\u017eanovi\u0107<\/p>\n<p style=\"text-align: center;\"><strong>Kr\u0161teni u o\u017eujku:<\/strong><\/p>\n<p style=\"text-align: center;\">Vito Juri\u0107<\/p>\n<p style=\"text-align: center;\"><strong>Kr\u0161teni u svibnju:<\/strong><\/p>\n<p style=\"text-align: center;\">Una Jelo\u0161ek,<br \/>\nIva Li\u0161ni\u0107<\/p>\n<p style=\"text-align: center;\"><strong>Kr\u0161teni u lipnju:<\/strong><\/p>\n<p style=\"text-align: center;\">Jakov Nalio,<br \/>\nLucija Hergovi\u0107,<br \/>\nMihael Bla\u017eevi\u0107,<br \/>\nToni Savkovi\u0107<\/p>\n<p style=\"text-align: center;\"><strong>Kr\u0161teni u srpnju:<\/strong><\/p>\n<p style=\"text-align: center;\">Nadia Slava Rimac,<br \/>\nTin Dra\u0161kovi\u0107,<br \/>\nLucija Ten\u017eera,<br \/>\nSara D\u017eaferovi\u0107 Vukovi\u0107,<br \/>\nTena Ma\u0111arevi\u0107,<br \/>\nMila Movrin<\/p>\n<p style=\"text-align: center;\"><strong>Kr\u0161teni u kolovozu:<\/strong><\/p>\n<p style=\"text-align: center;\">Juraj \u010ci\u010dak,<br \/>\nMarija Ma\u0161a Madecki,<br \/>\nBruna Milas,<br \/>\nAella Horvat Glumac,<br \/>\nFilip Fadljevi\u0107,<br \/>\nMia Arlavi,<br \/>\nGabrijel \u017du\u0161ki\u0107,<br \/>\nVito Domazet,<br \/>\nLeona Kelava<\/p>\n<p style=\"text-align: center;\"><strong>Kr\u0161teni u rujnu:<\/strong><\/p>\n<p style=\"text-align: center;\">David Badrov,<br \/>\nJakov \u0160imi\u0107,<br \/>\nLuka Gvajdek,<br \/>\nVito Do\u0161en,<br \/>\nIris Vuj\u010di\u0107,<br \/>\nDoris Rosi\u0107,<br \/>\nTeo Anto\u0161,<br \/>\nIva Petrovi\u0107,<br \/>\nElla Rancinger,<br \/>\nMa\u0161a Sa\u010der<\/p>\n<p style=\"text-align: center;\"><strong>Kr\u0161teni u listopadu:<\/strong><\/p>\n<p style=\"text-align: center;\">Ema \u0160imi\u0107,<br \/>\nPetra Gerber,<br \/>\nEna Ku\u0161ar,<br \/>\nBorna Horvat<\/p>\n<p style=\"text-align: center;\"><strong>Kr\u0161ten u studenome:<\/strong><\/p>\n<p style=\"text-align: center;\">Mateo Stazi\u0107<\/p>\n<p style=\"text-align: center;\"><strong>Kr\u0161ten u prosincu:<\/strong><\/p>\n<p style=\"text-align: center;\">Rita Ba\u0161i\u0107 Deli\u0107,<br \/>\nMaris \u0110erki<\/p>\n<p style=\"text-align: center;\"><em><strong>2019. GODINA<\/strong><\/em><\/p>\n<p style=\"text-align: center;\"><strong>Kr\u0161teni u velja\u010di:<\/strong><\/p>\n<p style=\"text-align: center;\">Jana Hmura,<br \/>\nJosip Jost,<br \/>\nJakov Hrg<\/p>\n<p style=\"text-align: center;\"><strong>Kr\u0161teni u o\u017eujku:<\/strong><\/p>\n<p style=\"text-align: center;\">Duje Lozan\u010di\u0107,<br \/>\nPetar Juri\u0107,<br \/>\nMarta Juri\u0107<\/p>\n<p style=\"text-align: center;\"><strong>Kr\u0161teni u travnju:<\/strong><\/p>\n<p style=\"text-align: center;\">Dvina Tomi\u0107,<br \/>\nAn\u0111ela Miljani\u0107,<br \/>\nFilip \u0106utuk,<br \/>\nStipe Nenadi\u0107,<br \/>\nMatej Dubravac,<br \/>\nMaris Havidi\u0107,<br \/>\nIva Crnkovi\u0107,<br \/>\nKlara Horvatovi\u0107<\/p>\n<p style=\"text-align: center;\"><strong>Kr\u0161teni u svibnju:<\/strong><\/p>\n<p style=\"text-align: center;\">Doris Mandi\u0107,<br \/>\nNoa \u0160ulenti\u0107,<br \/>\nRita Kova\u010devi\u0107,<br \/>\nAntun Kopf,<br \/>\nMia Runje,<br \/>\nIskra Ljevar,<br \/>\nUna Pfeiffer<\/p>\n<p style=\"text-align: center;\"><strong>Kr\u0161teni u lipnju:<\/strong><\/p>\n<p style=\"text-align: center;\">Elena Baica,<br \/>\nMatija Peri\u0107,<br \/>\nMarta Hazenauer,<br \/>\nFilip Dubravac,<br \/>\nLovro \u0106aleta,<br \/>\nPatrik Luli\u0107,<br \/>\nKatja Luli\u0107,<br \/>\nRoko Tanackovi\u0107,<br \/>\nMila Satler,<br \/>\nMoreno Banovi\u0107,<br \/>\nSven \u0160krbec,<br \/>\nDomagoj Cicvari\u0107,<br \/>\nFilip Ivanov,<br \/>\nJakov Do\u0161en<\/p>\n<p style=\"text-align: center;\"><strong>Kr\u0161teni u kolovozu:<\/strong><\/p>\n<p style=\"text-align: center;\">David Klen,<br \/>\nLea Bara\u0107,<br \/>\nKiara Leko,<br \/>\nLucija Petru\u0161i\u0107<\/p>\n<p style=\"text-align: center;\"><strong>Kr\u0161teni u rujnu:<\/strong><\/p>\n<p style=\"text-align: center;\">Marino \u0110akovi\u0107,<br \/>\nIvano Lopar,<br \/>\nAdrian Milovanovi\u0107,<br \/>\nDavid Svoren,<br \/>\nNika Garacki,<br \/>\nIva Garacki,<br \/>\nDavid Perlinger,<br \/>\nNina Tica,<br \/>\nUna Orli\u0107<\/p>\n<p style=\"text-align: center;\"><strong>Kr\u0161teni u listopadu:<\/strong><\/p>\n<p style=\"text-align: center;\">\u0160imun Kova\u010devi\u0107,<br \/>\nMata Zec,<br \/>\nJosip Veselinovi\u0107,<br \/>\nLea Veselinovi\u0107,<br \/>\nNick Lajk Burger,<br \/>\nLucas Gori\u010dki\u0107,<br \/>\nNikola Roso<\/p>\n<p style=\"text-align: center;\"><strong>Kr\u0161teni u studenom:<\/strong><\/p>\n<p style=\"text-align: center;\">Petar Gradinjan,<br \/>\nRoko Kulund\u017ei\u0107,<br \/>\nNoa Stani\u0107<\/p>\n<p style=\"text-align: center;\"><strong>Kr\u0161teni u prosincu:<\/strong><\/p>\n<p style=\"text-align: center;\">Fran Androji\u0107,<br \/>\nRoko Mili\u010devi\u0107,<br \/>\nVito Andl,<br \/>\nNiko Pa\u017ein<\/p>\n<p style=\"text-align: center;\"><em><strong>2018. GODINA<\/strong><\/em><\/p>\n<p style=\"text-align: center;\"><strong>Kr\u0161teni u sije\u010dnju:<\/strong><\/p>\n<p style=\"text-align: center;\">David Ivani\u0107,<br \/>\nLuka Dubravac<\/p>\n<p style=\"text-align: center;\"><strong>Kr\u0161teni u velja\u010di:<\/strong><\/p>\n<p style=\"text-align: center;\">Chiara Lovri\u0107,<br \/>\nGabriel Mikola,<br \/>\nLaura Kardo\u0161,<br \/>\nKatja Popadi\u0107,<br \/>\nDorijan Vuleti\u0107,<br \/>\nHana Dra\u0161kovi\u0107<\/p>\n<p style=\"text-align: center;\"><strong>Kr\u0161teni u travnju:<\/strong><\/p>\n<p style=\"text-align: center;\">Antun Mlinarevi\u0107,<br \/>\nLuka Vinko,<br \/>\nValentino Judi,<br \/>\nRebeka \u010covi\u0107,<br \/>\nRita Ko\u0161kan,<br \/>\nLotta Ko\u0161kan,<br \/>\nHelena Rikert,<br \/>\nLeo Beck,<br \/>\nFran Petanovi\u0107,<br \/>\nDora Pinter,<br \/>\nLeon Pinter,<br \/>\nDarko Horvat Glumac,<br \/>\nJakov Ili\u0107,<br \/>\nMateo Karavidovi\u0107,<br \/>\nIvano Karavidovi\u0107<\/p>\n<p style=\"text-align: center;\"><strong>Kr\u0161teni u svibnju:<\/strong><\/p>\n<p style=\"text-align: center;\">Luka Petrovi\u0107,<br \/>\nDominik \u0160tajduhar,<br \/>\nMona Stupar,<br \/>\nJosip Vide\u010dak,<br \/>\nMarko Petru\u0161i\u0107,<br \/>\nMax Ku\u0161tro,<br \/>\nKarla Mihaljevi\u0107<\/p>\n<p style=\"text-align: center;\"><strong>Kr\u0161teni u lipnju:<\/strong><\/p>\n<p style=\"text-align: center;\">Nicole Milakovi\u0107,<br \/>\n\u0160imun Janc,<br \/>\nPetar Janc,<br \/>\nEmma Gvajdek<\/p>\n<p style=\"text-align: center;\"><strong>Kr\u0161teni u srpnju:<\/strong><\/p>\n<p style=\"text-align: center;\">Stjepan Gavri\u0107,<br \/>\nMila Gavri\u0107,<br \/>\nElena Klasi\u0107,<br \/>\nSven Gali\u0107<\/p>\n<p style=\"text-align: center;\"><strong>Kr\u0161teni u kolovozu:<\/strong><\/p>\n<p style=\"text-align: center;\">Leon Karaica,<br \/>\nGabriel Michael Jedinak<\/p>\n<p style=\"text-align: center;\"><strong>Kr\u0161teni u rujnu:<\/strong><\/p>\n<p style=\"text-align: center;\">Laura \u0160tefanac,<br \/>\nVita Slu\u017eek,<br \/>\nDora Pand\u017ei\u0107,<br \/>\nNoa Turalija,<br \/>\nUna Andrakovi\u0107,<br \/>\nDona Bari\u0107 Benko,<br \/>\nMagda Kujund\u017ei\u0107,<br \/>\nDino \u0160omo\u0111i<\/p>\n<p style=\"text-align: center;\"><strong>Kr\u0161teni u listopadu:<\/strong><\/p>\n<p style=\"text-align: center;\">\u0160ima Milas,<br \/>\nMarko Lajo\u0161,<br \/>\nMarija Markovi\u0107,<br \/>\nKatja Gerber,<br \/>\nMatijas Gerber,<br \/>\nLucija Gerber,<br \/>\nAndrej Tot,<br \/>\nPetar Rodi\u0107,<br \/>\nEva Petrovi\u0107,<br \/>\nKarla Miki\u010di\u0107,<br \/>\nLukas \u0160trumfol,<br \/>\nMia Tomas,<br \/>\nViktoria Lazar,<br \/>\nPetar Vila,<br \/>\nMihael Vila<\/p>\n<p style=\"text-align: center;\"><strong>Kr\u0161teni u studenom:<\/strong><\/p>\n<p style=\"text-align: center;\">Gracija Movrin,<br \/>\nRahela Panduri\u0107,<br \/>\nDino Peri\u0107,<br \/>\nNea \u0160ambi\u0107,<br \/>\nLuka Glava\u0161<\/p>\n<p style=\"text-align: center;\"><strong>Kr\u0161teni u prosincu:<\/strong><\/p>\n<p style=\"text-align: center;\">Iva Varo\u0161\u010di\u0107,<br \/>\nIvan Sovilj,<br \/>\nSofija \u0160oli\u0107<\/p>\n","protected":false},"excerpt":{"rendered":"<p>2026. GODINA Kr\u0161teni u sije\u010dnju: Viktor Zdrav\u010devi\u0107, Marko \u010celan, Jakov Cvetkovi\u0107 Kr\u0161teni u velja\u010di: Bono Poljak, Marija Bobi\u0107, Lora Dizdar, Gordana Gospo\u010di\u0107, Ema Pi\u0161tingli Kr\u0161teni u o\u017eujku: Leona \u0160trkalj, Paola \u0160trkalj, Franko Gaji\u0107, Andrej Rajkovi\u0107 Kr\u0161teni u travnju: Maro \u0160tigler, Manuel Simonovi\u0107, Matej \u0160ulava, Nikola Markovac, Nino Gali\u0107, Mila \u0160ima\u0161ek, Lucija Dr\u010dec, Leo Pavi\u010di\u0107, Roko <a href=\"http:\/\/svetaobitelj.hr\/?page_id=22\" class=\"more-link\">[&hellip;]<\/a><\/p>\n","protected":false},"author":2,"featured_media":0,"parent":0,"menu_order":0,"comment_status":"closed","ping_status":"open","template":"","meta":{"footnotes":""},"class_list":["entry","author-","post-22","page","type-page","status-publish"],"_links":{"self":[{"href":"http:\/\/svetaobitelj.hr\/index.php?rest_route=\/wp\/v2\/pages\/22","targetHints":{"allow":["GET"]}}],"collection":[{"href":"http:\/\/svetaobitelj.hr\/index.php?rest_route=\/wp\/v2\/pages"}],"about":[{"href":"http:\/\/svetaobitelj.hr\/index.php?rest_route=\/wp\/v2\/types\/page"}],"author":[{"embeddable":true,"href":"http:\/\/svetaobitelj.hr\/index.php?rest_route=\/wp\/v2\/users\/2"}],"replies":[{"embeddable":true,"href":"http:\/\/svetaobitelj.hr\/index.php?rest_route=%2Fwp%2Fv2%2Fcomments&post=22"}],"version-history":[{"count":115,"href":"http:\/\/svetaobitelj.hr\/index.php?rest_route=\/wp\/v2\/pages\/22\/revisions"}],"predecessor-version":[{"id":4143,"href":"http:\/\/svetaobitelj.hr\/index.php?rest_route=\/wp\/v2\/pages\/22\/revisions\/4143"}],"wp:attachment":[{"href":"http:\/\/svetaobitelj.hr\/index.php?rest_route=%2Fwp%2Fv2%2Fmedia&parent=22"}],"curies":[{"name":"wp","href":"https:\/\/api.w.org\/{rel}","templated":true}]}}